{"id":26163,"date":"2026-03-15T18:33:34","date_gmt":"2026-03-15T17:33:34","guid":{"rendered":"https:\/\/www.mlc-munich.de\/web\/?page_id=26163"},"modified":"2026-03-23T19:50:16","modified_gmt":"2026-03-23T18:50:16","slug":"vorstandswahl","status":"publish","type":"page","link":"https:\/\/www.mlc-munich.de\/web\/en\/bmrl\/vorstandswahl\/","title":{"rendered":"Vorstandswahl"},"content":{"rendered":"<div id=\"pl-26163\"  class=\"panel-layout\" ><div id=\"pg-26163-0\"  class=\"panel-grid panel-no-style\" ><div id=\"pgc-26163-0-0\"  class=\"panel-grid-cell panel-grid-cell-mobile-last\" ><div id=\"panel-26163-0-0-0\" class=\"so-panel widget widget_sow-editor panel-first-child panel-last-child\" data-index=\"0\" ><div\n\t\t\t\n\t\t\tclass=\"so-widget-sow-editor so-widget-sow-editor-base\"\n\t\t\t\n\t\t><h3 class=\"widget-title\">Gemeinsam ins UnderGround IV <\/h3>\n<div class=\"siteorigin-widget-tinymce textwidget\">\n\t<p>Liebe Mitglieder,<\/p>\n<\/div>\n<\/div><\/div><\/div><div id=\"pgc-26163-0-1\"  class=\"panel-grid-cell panel-grid-cell-empty\" ><\/div><\/div><div id=\"pg-26163-1\"  class=\"panel-grid panel-no-style\" ><div id=\"pgc-26163-1-0\"  class=\"panel-grid-cell\" ><div id=\"panel-26163-1-0-0\" class=\"so-panel widget widget_sow-editor panel-first-child panel-last-child\" data-index=\"1\" ><div\n\t\t\t\n\t\t\tclass=\"so-widget-sow-editor so-widget-sow-editor-base\"\n\t\t\t\n\t\t>\n<div class=\"siteorigin-widget-tinymce textwidget\">\n\t<p>seit unserem Antritt im Jahr 2022 haben wir gemeinsam mit euch Vieles geschafft: die Wiederaufnahme des Vereinslebens nach COVID, eine gesteigerte Sichtbarkeit und Wahrnehmung des MLC in M\u00fcnchen, beispielsweise mit der Fetish-Area beim CSD und dar\u00fcberhinaus, unser legend\u00e4res Jubil\u00e4umsjahr mit vielen zus\u00e4tzlichen Events, neuen Partnerschaften mit Frechdax, Sk8erboy und Folsom Europe, und letztlich ein langfristiger Mietvertrag f\u00fcr unser neues Zuhause: das UnderGround IV.<\/p>\n<p>Die n\u00e4chsten beiden Jahre werden f\u00fcr uns Alle herausfordernd: neben dem laufenden Betrieb und unseren Gro\u00dfevents gilt es das UnderGround IV bei einer nachhaltigen Finanzierung und angemessenem Einsatz unserer ehrenamtlichen Teams partybereit zu machen.<\/p>\n<\/div>\n<\/div><\/div><\/div><div id=\"pgc-26163-1-1\"  class=\"panel-grid-cell\" ><div id=\"panel-26163-1-1-0\" class=\"so-panel widget widget_media_image panel-first-child panel-last-child\" data-index=\"2\" ><img loading=\"lazy\" decoding=\"async\" width=\"600\" height=\"450\" src=\"https:\/\/www.mlc-munich.de\/web\/wp-content\/uploads\/2026\/03\/MLC_Vorstand_Muc-Skyline_02-600x450.jpg\" class=\"image wp-image-26168  attachment-medium size-medium\" alt=\"\" style=\"max-width: 100%; height: auto;\" srcset=\"https:\/\/www.mlc-munich.de\/web\/wp-content\/uploads\/2026\/03\/MLC_Vorstand_Muc-Skyline_02-600x450.jpg 600w, https:\/\/www.mlc-munich.de\/web\/wp-content\/uploads\/2026\/03\/MLC_Vorstand_Muc-Skyline_02-768x576.jpg 768w, https:\/\/www.mlc-munich.de\/web\/wp-content\/uploads\/2026\/03\/MLC_Vorstand_Muc-Skyline_02-1536x1152.jpg 1536w, https:\/\/www.mlc-munich.de\/web\/wp-content\/uploads\/2026\/03\/MLC_Vorstand_Muc-Skyline_02.jpg 1920w\" sizes=\"auto, (max-width: 600px) 100vw, 600px\" \/><\/div><\/div><\/div><div id=\"pg-26163-2\"  class=\"panel-grid panel-no-style\" ><div id=\"pgc-26163-2-0\"  class=\"panel-grid-cell\" ><div id=\"panel-26163-2-0-0\" class=\"so-panel widget widget_media_image panel-first-child panel-last-child\" data-index=\"3\" ><img loading=\"lazy\" decoding=\"async\" width=\"600\" height=\"475\" src=\"https:\/\/www.mlc-munich.de\/web\/wp-content\/uploads\/2026\/03\/MLC_Vorstand_Muc-Skyline_01-600x475.jpg\" class=\"image wp-image-26164  attachment-medium size-medium\" alt=\"\" style=\"max-width: 100%; height: auto;\" srcset=\"https:\/\/www.mlc-munich.de\/web\/wp-content\/uploads\/2026\/03\/MLC_Vorstand_Muc-Skyline_01-600x475.jpg 600w, https:\/\/www.mlc-munich.de\/web\/wp-content\/uploads\/2026\/03\/MLC_Vorstand_Muc-Skyline_01-768x608.jpg 768w, https:\/\/www.mlc-munich.de\/web\/wp-content\/uploads\/2026\/03\/MLC_Vorstand_Muc-Skyline_01-1536x1216.jpg 1536w, https:\/\/www.mlc-munich.de\/web\/wp-content\/uploads\/2026\/03\/MLC_Vorstand_Muc-Skyline_01.jpg 1920w\" sizes=\"auto, (max-width: 600px) 100vw, 600px\" \/><\/div><\/div><div id=\"pgc-26163-2-1\"  class=\"panel-grid-cell\" ><div id=\"panel-26163-2-1-0\" class=\"so-panel widget widget_sow-editor panel-first-child panel-last-child\" data-index=\"4\" ><div\n\t\t\t\n\t\t\tclass=\"so-widget-sow-editor so-widget-sow-editor-base\"\n\t\t\t\n\t\t>\n<div class=\"siteorigin-widget-tinymce textwidget\">\n\t<p>Wir drei haben gemeinsam mit der Projektleitung und den Architekten f\u00fcr das UnderGround IV den Grundstein gelegt. Nun wollen wir das mit euch gemeinsam umsetzen. Daher stellen wir uns gemeinsam f\u00fcr eine weitere Amtszeit von zwei Jahren zur Wahl.<\/p>\n<p>Danke euch f\u00fcr das weitere Vertrauen in unsere Arbeit!<\/p>\n<p>Euer (aktueller) Vorstand<\/p>\n<p>Benjamin, Curtis und Martin<\/p>\n<\/div>\n<\/div><\/div><\/div><\/div><\/div>","protected":false},"excerpt":{"rendered":"<p>Liebe Mitglieder, seit unserem Antritt im Jahr 2022 haben wir gemeinsam mit euch Vieles geschafft: die Wiederaufnahme des Vereinslebens nach COVID, eine gesteigerte Sichtbarkeit und Wahrnehmung des MLC in M\u00fcnchen, beispielsweise mit der Fetish-Area beim CSD und dar\u00fcberhinaus, unser legend\u00e4res Jubil\u00e4umsjahr mit vielen zus\u00e4tzlichen Events, neuen Partnerschaften mit Frechdax, Sk8erboy und Folsom Europe, und letztlich ein langfristiger Mietvertrag f\u00fcr unser neues Zuhause: das UnderGround IV. Die n\u00e4chsten beiden Jahre werden f\u00fcr uns Alle herausfordernd: neben dem laufenden Betrieb und unseren [&hellip;]<\/p>\n","protected":false},"author":13,"featured_media":0,"parent":320,"menu_order":1,"comment_status":"closed","ping_status":"closed","template":"","meta":{"footnotes":""},"class_list":["post-26163","page","type-page","status-publish","hentry","post"],"translation":{"provider":"WPGlobus","version":"3.0.2","language":"en","enabled_languages":["de","en"],"languages":{"de":{"title":true,"content":true,"excerpt":false},"en":{"title":false,"content":false,"excerpt":false}}},"yoast_head":"<!-- This site is optimized with the Yoast SEO plugin v27.4 - https:\/\/yoast.com\/product\/yoast-seo-wordpress\/ -->\n<title>Vorstandswahl - M\u00fcnchner L\u00f6wen Club e.V.<\/title>\n<meta name=\"robots\" content=\"index, follow, max-snippet:-1, max-image-preview:large, max-video-preview:-1\" \/>\n<link rel=\"canonical\" href=\"https:\/\/www.mlc-munich.de\/web\/bmrl\/vorstandswahl\/\" \/>\n<meta property=\"og:locale\" content=\"en_US\" \/>\n<meta property=\"og:type\" content=\"article\" \/>\n<meta property=\"og:title\" content=\"Vorstandswahl - M\u00fcnchner L\u00f6wen Club e.V.\" \/>\n<meta property=\"og:url\" content=\"https:\/\/www.mlc-munich.de\/web\/bmrl\/vorstandswahl\/\" \/>\n<meta property=\"og:site_name\" content=\"M\u00fcnchner L\u00f6wen Club e.V.\" \/>\n<meta property=\"article:modified_time\" content=\"2026-03-23T18:50:16+00:00\" \/>\n<meta property=\"og:image\" content=\"https:\/\/www.mlc-munich.de\/web\/wp-content\/uploads\/2019\/03\/cropped-logo_mlc_munich.jpg\" \/>\n\t<meta property=\"og:image:width\" content=\"512\" \/>\n\t<meta property=\"og:image:height\" content=\"512\" \/>\n\t<meta property=\"og:image:type\" content=\"image\/jpeg\" \/>\n<meta name=\"twitter:card\" content=\"summary_large_image\" \/>\n<meta name=\"twitter:label1\" content=\"Est. reading time\" \/>\n\t<meta name=\"twitter:data1\" content=\"2 minutes\" \/>\n<script type=\"application\/ld+json\" class=\"yoast-schema-graph\">{\"@context\":\"https:\\\/\\\/schema.org\",\"@graph\":[{\"@type\":\"WebPage\",\"@id\":\"https:\\\/\\\/www.mlc-munich.de\\\/web\\\/bmrl\\\/vorstandswahl\\\/\",\"url\":\"https:\\\/\\\/www.mlc-munich.de\\\/web\\\/bmrl\\\/vorstandswahl\\\/\",\"name\":\"Vorstandswahl - M\u00fcnchner L\u00f6wen Club e.V.\",\"isPartOf\":{\"@id\":\"https:\\\/\\\/www.mlc-munich.de\\\/web\\\/#website\"},\"datePublished\":\"2026-03-15T17:33:34+00:00\",\"dateModified\":\"2026-03-23T18:50:16+00:00\",\"breadcrumb\":{\"@id\":\"https:\\\/\\\/www.mlc-munich.de\\\/web\\\/bmrl\\\/vorstandswahl\\\/#breadcrumb\"},\"inLanguage\":\"en-US\",\"potentialAction\":[{\"@type\":\"ReadAction\",\"target\":[\"https:\\\/\\\/www.mlc-munich.de\\\/web\\\/bmrl\\\/vorstandswahl\\\/\"]}]},{\"@type\":\"BreadcrumbList\",\"@id\":\"https:\\\/\\\/www.mlc-munich.de\\\/web\\\/bmrl\\\/vorstandswahl\\\/#breadcrumb\",\"itemListElement\":[{\"@type\":\"ListItem\",\"position\":1,\"name\":\"Startseite\",\"item\":\"https:\\\/\\\/www.mlc-munich.de\\\/web\\\/\"},{\"@type\":\"ListItem\",\"position\":2,\"name\":\"Bavarian Mr. Fetish\",\"item\":\"https:\\\/\\\/www.mlc-munich.de\\\/web\\\/bmrl\\\/\"},{\"@type\":\"ListItem\",\"position\":3,\"name\":\"Vorstandswahl\"}]},{\"@type\":\"WebSite\",\"@id\":\"https:\\\/\\\/www.mlc-munich.de\\\/web\\\/#website\",\"url\":\"https:\\\/\\\/www.mlc-munich.de\\\/web\\\/\",\"name\":\"M\u00fcnchner L\u00f6wen Club e.V.\",\"description\":\"M\u00fcnchner L\u00f6wen Club e.V.\",\"publisher\":{\"@id\":\"https:\\\/\\\/www.mlc-munich.de\\\/web\\\/#organization\"},\"potentialAction\":[{\"@type\":\"SearchAction\",\"target\":{\"@type\":\"EntryPoint\",\"urlTemplate\":\"https:\\\/\\\/www.mlc-munich.de\\\/web\\\/?s={search_term_string}\"},\"query-input\":{\"@type\":\"PropertyValueSpecification\",\"valueRequired\":true,\"valueName\":\"search_term_string\"}}],\"inLanguage\":\"en-US\"},{\"@type\":\"Organization\",\"@id\":\"https:\\\/\\\/www.mlc-munich.de\\\/web\\\/#organization\",\"name\":\"M\u00fcnchner L\u00f6wen Club e.V.\",\"url\":\"https:\\\/\\\/www.mlc-munich.de\\\/web\\\/\",\"logo\":{\"@type\":\"ImageObject\",\"inLanguage\":\"en-US\",\"@id\":\"https:\\\/\\\/www.mlc-munich.de\\\/web\\\/#\\\/schema\\\/logo\\\/image\\\/\",\"url\":\"https:\\\/\\\/www.mlc-munich.de\\\/web\\\/wp-content\\\/uploads\\\/2018\\\/05\\\/logo_250x95px-Kopie.png\",\"contentUrl\":\"https:\\\/\\\/www.mlc-munich.de\\\/web\\\/wp-content\\\/uploads\\\/2018\\\/05\\\/logo_250x95px-Kopie.png\",\"width\":250,\"height\":95,\"caption\":\"M\u00fcnchner L\u00f6wen Club e.V.\"},\"image\":{\"@id\":\"https:\\\/\\\/www.mlc-munich.de\\\/web\\\/#\\\/schema\\\/logo\\\/image\\\/\"}}]}<\/script>\n<!-- \/ Yoast SEO plugin. -->","yoast_head_json":{"title":"Vorstandswahl - M\u00fcnchner L\u00f6wen Club e.V.","robots":{"index":"index","follow":"follow","max-snippet":"max-snippet:-1","max-image-preview":"max-image-preview:large","max-video-preview":"max-video-preview:-1"},"canonical":"https:\/\/www.mlc-munich.de\/web\/bmrl\/vorstandswahl\/","og_locale":"en_US","og_type":"article","og_title":"Vorstandswahl - M\u00fcnchner L\u00f6wen Club e.V.","og_url":"https:\/\/www.mlc-munich.de\/web\/bmrl\/vorstandswahl\/","og_site_name":"M\u00fcnchner L\u00f6wen Club e.V.","article_modified_time":"2026-03-23T18:50:16+00:00","og_image":[{"width":512,"height":512,"url":"https:\/\/www.mlc-munich.de\/web\/wp-content\/uploads\/2019\/03\/cropped-logo_mlc_munich.jpg","type":"image\/jpeg"}],"twitter_card":"summary_large_image","twitter_misc":{"Est. reading time":"2 minutes"},"schema":{"@context":"https:\/\/schema.org","@graph":[{"@type":"WebPage","@id":"https:\/\/www.mlc-munich.de\/web\/bmrl\/vorstandswahl\/","url":"https:\/\/www.mlc-munich.de\/web\/bmrl\/vorstandswahl\/","name":"Vorstandswahl - M\u00fcnchner L\u00f6wen Club e.V.","isPartOf":{"@id":"https:\/\/www.mlc-munich.de\/web\/#website"},"datePublished":"2026-03-15T17:33:34+00:00","dateModified":"2026-03-23T18:50:16+00:00","breadcrumb":{"@id":"https:\/\/www.mlc-munich.de\/web\/bmrl\/vorstandswahl\/#breadcrumb"},"inLanguage":"en-US","potentialAction":[{"@type":"ReadAction","target":["https:\/\/www.mlc-munich.de\/web\/bmrl\/vorstandswahl\/"]}]},{"@type":"BreadcrumbList","@id":"https:\/\/www.mlc-munich.de\/web\/bmrl\/vorstandswahl\/#breadcrumb","itemListElement":[{"@type":"ListItem","position":1,"name":"Startseite","item":"https:\/\/www.mlc-munich.de\/web\/"},{"@type":"ListItem","position":2,"name":"Bavarian Mr. Fetish","item":"https:\/\/www.mlc-munich.de\/web\/bmrl\/"},{"@type":"ListItem","position":3,"name":"Vorstandswahl"}]},{"@type":"WebSite","@id":"https:\/\/www.mlc-munich.de\/web\/#website","url":"https:\/\/www.mlc-munich.de\/web\/","name":"M\u00fcnchner L\u00f6wen Club e.V.","description":"M\u00fcnchner L\u00f6wen Club e.V.","publisher":{"@id":"https:\/\/www.mlc-munich.de\/web\/#organization"},"potentialAction":[{"@type":"SearchAction","target":{"@type":"EntryPoint","urlTemplate":"https:\/\/www.mlc-munich.de\/web\/?s={search_term_string}"},"query-input":{"@type":"PropertyValueSpecification","valueRequired":true,"valueName":"search_term_string"}}],"inLanguage":"en-US"},{"@type":"Organization","@id":"https:\/\/www.mlc-munich.de\/web\/#organization","name":"M\u00fcnchner L\u00f6wen Club e.V.","url":"https:\/\/www.mlc-munich.de\/web\/","logo":{"@type":"ImageObject","inLanguage":"en-US","@id":"https:\/\/www.mlc-munich.de\/web\/#\/schema\/logo\/image\/","url":"https:\/\/www.mlc-munich.de\/web\/wp-content\/uploads\/2018\/05\/logo_250x95px-Kopie.png","contentUrl":"https:\/\/www.mlc-munich.de\/web\/wp-content\/uploads\/2018\/05\/logo_250x95px-Kopie.png","width":250,"height":95,"caption":"M\u00fcnchner L\u00f6wen Club e.V."},"image":{"@id":"https:\/\/www.mlc-munich.de\/web\/#\/schema\/logo\/image\/"}}]}},"_links":{"self":[{"href":"https:\/\/www.mlc-munich.de\/web\/en\/wp-json\/wp\/v2\/pages\/26163","targetHints":{"allow":["GET"]}}],"collection":[{"href":"https:\/\/www.mlc-munich.de\/web\/en\/wp-json\/wp\/v2\/pages"}],"about":[{"href":"https:\/\/www.mlc-munich.de\/web\/en\/wp-json\/wp\/v2\/types\/page"}],"author":[{"embeddable":true,"href":"https:\/\/www.mlc-munich.de\/web\/en\/wp-json\/wp\/v2\/users\/13"}],"replies":[{"embeddable":true,"href":"https:\/\/www.mlc-munich.de\/web\/en\/wp-json\/wp\/v2\/comments?post=26163"}],"version-history":[{"count":10,"href":"https:\/\/www.mlc-munich.de\/web\/en\/wp-json\/wp\/v2\/pages\/26163\/revisions"}],"predecessor-version":[{"id":26305,"href":"https:\/\/www.mlc-munich.de\/web\/en\/wp-json\/wp\/v2\/pages\/26163\/revisions\/26305"}],"up":[{"embeddable":true,"href":"https:\/\/www.mlc-munich.de\/web\/en\/wp-json\/wp\/v2\/pages\/320"}],"wp:attachment":[{"href":"https:\/\/www.mlc-munich.de\/web\/en\/wp-json\/wp\/v2\/media?parent=26163"}],"curies":[{"name":"wp","href":"https:\/\/api.w.org\/{rel}","templated":true}]}}