{"id":3253,"date":"2021-09-17T14:52:28","date_gmt":"2021-09-17T12:52:28","guid":{"rendered":"https:\/\/www.mlc-munich.de\/web\/?page_id=3253"},"modified":"2022-10-05T14:44:27","modified_gmt":"2022-10-05T12:44:27","slug":"blog-news","status":"publish","type":"page","link":"https:\/\/www.mlc-munich.de\/web\/blog-news\/","title":{"rendered":"Blog-News"},"content":{"rendered":"<div id=\"pl-3253\"  class=\"panel-layout\" ><div id=\"pg-3253-0\"  class=\"panel-grid panel-no-style\" ><div id=\"pgc-3253-0-0\"  class=\"panel-grid-cell\" ><div id=\"panel-3253-0-0-0\" class=\"so-panel widget widget_sow-editor panel-first-child panel-last-child\" data-index=\"0\" ><div\n\t\t\t\n\t\t\tclass=\"so-widget-sow-editor so-widget-sow-editor-base\"\n\t\t\t\n\t\t>\n<div class=\"siteorigin-widget-tinymce textwidget\">\n\t<p>mostly only in german<\/p>\n<p><b><style type=\"text\/css\">\n\t\/**\n\t * Table of Contents\n\t *\n\t * 1.0 - Pagination\n\t * 2.0 - Social Media Icon\n\t * 3.0 - Default Blog Template\n\t * 4.0 - Classical Template\n\t * 5.0 - Light Breeze Template\n\t * 6.0 - Spektrum Template\n\t * 7.0 - Evolution Template\n\t * 8.0 - Timeline Template\n\t * 9.0 - News Template\n\t * 10.0 - Sallet Template\n\t * 11.0 - Media Grid Template\n\t * 12.0 - Crayon Slider Template\n\t * 13.0 - Blog-Carousel Template\n\t * 14.0 - Blog-Grid-Box Template\n\t * 15.0 - Ticker Template\n\t *\n\t *\/\n\t\/**\n\t * 1.0 - Pagination\n\t *\/\n\t.bdp-load-more a.button.bdp-load-more-btn {\n\t\tbackground-color: #e2001a;\t\tcolor: #ffffff;\t\tfont-size:14px;\t}\n\t.bd_pagination_box.wl_pagination_box .paging-navigation ul.page-numbers li a.page-numbers:hover,\n\t.bd_pagination_box.wl_pagination_box .paging-navigation ul.page-numbers li > span.current {\n\t\tbackground-color: #e2001a;\t\tcolor: #ffffff;\t\tfont-size:14px;\t}\n\t.bd_pagination_box.wl_pagination_box .paging-navigation ul.page-numbers li a.page-numbers {\n\t\tbackground-color: #ffffff;\t\tcolor: #e2001a;\t\tfont-size:14px;\t}\n\t.bd_pagination_box.wl_pagination_box .paging-navigation ul.page-numbers li a.page-numbers.dots {\n\t\tfont-size:14px !important;\t}\n\t\/**\n\t * 2.0 - Social Media Icon\n\t *\/    \n\t.blog_template .social-component a {\n\t\tborder-radius: 100%;\t}\n\t\/**\n\t * Post Title Setting\n\t *\/\n\t.bdp_blog_template .blog_header h2 a span,\n    .bdp_blog_template .bd-blog-header h2 a span,\n\t.glossary .blog_header h2 a span,\n\t.bdp_blog_template.media-grid .blog_header h2 a span,\n\t.bdp_blog_template.timeline .desc h3 a span,\n\t.blog_template.blog-grid-box h2.post_title a span{\n\t\t\t\t\t\t\t\tword-break : normal;\n\t\t\t\t\t\n\t}\n\n\t\/**\n\t * 3.0 - Default Blog Template\n\t *\/\n\t\t.blog_template .bd-more-tag-inline {\n\t\tcolor: #ffffff !important;\t\tfont-size:14px;\t}\n\t\t\t.bdp_blog_template .blog_header h2 a,\n\t\t.bdp_blog_template .bd-blog-header h2 a,\n\t\t.bdp_blog_template .bd_ad_container h4 {\n\t\t\tcolor: #e2001a !important;\t\t\tfont-size: 29px;\t\t\t\n\t\t}\n\t\t.bdp_blog_template .blog_header h2,\n\t\t.bdp_blog_template .bd-blog-header h2,\n\t\t.blog_template .bd_ad_container h4 {\n\t\t\tfont-size: 29px;\t\t}\n\t\t.post_content-inner p,\n\t.bd-post-content {\n\t\tcolor:#999999;\t\tfont-size:14px;\t}\n\t.bdp_blog_template .bd-metacats,\n\t.bd-tags,\n\tspan.bd-category-link,\n\t.bdp_blog_template .author,\n\t.bdp_blog_template .date,\n\t.bdp_blog_template .bd-categories,\n\t.bdp_blog_template.evolution .bd-categories a,\n\t.bdp_blog_template .bd-categories a,\n\t.bd-meta-data-box .bd-metacats,\n\t.bd-meta-data-box .bd-metacomments,\n\t.bd-meta-data-box .bd-metacomments span,\n\t.bdp_blog_template .date i, .bdp_blog_template .author i, .bdp_blog_template .comment i,\n\t.bd-tags a,\n\tspan.bd-category-link a,\n\t.bd-metadatabox p,\n\tspan .bd-link-label,\n\t.bdp_blog_template .blog_footer span,\n\t.bd-metacomments i,\n\t.date_wrap i,\n\t.bdp_blog_template a,\n\t.bdp_blog_template .post_content,\n\t.bd-categories i,\n\t.bdp_blog_template.spektrum .post-bottom .post-by,\n\t.bdp_blog_template.spektrum .post-bottom .bd-tags,\n\t.bd-metadatabox,\n\t.bdp_blog_template.news .bd-blog-header .bd-metadatabox a,\n\t.bdp_blog_template.news .post-content-div .post_cat_tag > span i,\n\t.bdp_blog_template .bd-meta-data-box .bd-metadate, .bdp_blog_template .bd-meta-data-box .bd-metauser, .bdp_blog_template .bd-meta-data-box .bd-metacats,\n\t.bd-meta-data-box .bd-metacats a,\n\t.bd-meta-data-box .bd-metacomments a,\n\t.bdp_blog_template.box-template .bd-tags,\n\t.bdp_blog_template .datetime,\n\t.bdp_blog_template .link-lable,\n\t.bdp_blog_template .post-date\n\t.bdp_blog_template .bd_ad_container p, .blog_template .bd_ad_container, .bdp_blog_template .post-date, .bdp_blog_template .post-comment span {\n\t\tfont-size:14px;\t}\n\t.bdp_blog_template .date,\n\t.bdp_blog_template .comment,\n\t.bdp_blog_template .author .bd-icon-author,\n\t.bdp_blog_template .author,\n\t.bdp_blog_template.news .post-content-div .post_cat_tag > span i ,\n\t.bdp_blog_template .post-by,\n\t.bdp_blog_template .bd-categories i,\n\t.bdp_blog_template .bd-metacats i,\n\t.bdp_blog_template .category-link i,\n\t.bdp_blog_template .bd-tags i,\n\t.bdp_blog_template .bd-metacomments,\n\t.bdp_blog_template .date_wrap i,\n\t.bdp_blog_template .post-date,\n\t.bdp_blog_template .link-lable,\n\t.bdp_blog_template .datetime,\n\t.bdp_blog_template.glossary .post-author span,\n\t.bdp_blog_template .post_content-inner p,\n\t.bdp_blog_template .post_content,\n\t.bdp_blog_template .tags i {\n\t\tcolor:#999999;\t}\n\t.bdp_blog_template .bd-meta-data-box {\n\t\tcolor:#999999;\t}\n\t\t\t.bd-metadatabox {\n\t\t\tcolor:#999999;\t\t}\n\t\t.bd-link-label {\n\t\tcolor:#999999;\t}\n\t.bdp_blog_template a.bd-more-tag {\n\t\tbackground-color: #e2001a!important;\t\tcolor: #ffffff!important;\t}\n\t\t\t.bdp_blog_template a.bd-more-tag:hover {\n\t\t\tbackground-color: #ffffff!important;\t\t\tcolor: #e2001a!important;\t\t}\n\t\t.bdp_blog_template i {\n\t\tfont-style: normal !important;\n\t}\n\t\t\t.bd-tags,\n\t\tspan.bd-category-link,\n\t\t.bdp_blog_template .bd-categories,\n\t\t.bd-meta-data-box .bd-metacats,\n\t\t.bd-meta-data-box .bd-metacats a,\n\t\t.bd-meta-data-box .bd-metacomments a,\n\t\t.bdp_blog_template .bd-categories a,\n\t\t.bd-post-content a,\n\t\t.bd-tags a,\n\t\tspan.bd-category-link a,\n\t\t.bdp_blog_template .tags,\n\t\t.bdp_blog_template a {\n\t\t\tcolor:#e2001a !important;\n\t\t\tfont-weight: normal !important;\n\t\t}\n\t\t\t\t.bd-meta-data-box .bd-metacats a:hover,\n\t\t.bd-meta-data-box .bd-metacomments a:hover,\n\t\t.bdp_blog_template .bd-categories a:hover,\n\t\t.spektrum .post-bottom .bd-categories a:hover,\n\t\t.bd-post-content a:hover,\n\t\t.bd-tags a:hover,\n\t\tspan.bd-category-link a:hover,\n\t\t.bdp_blog_template a:hover,\n\t\t.bd-post-content a:hover {\n\t\t\tcolor:#999999 !important;\n\t\t}\n\t\t\t\t.bdp_blog_template.evolution,\n\t\t.bdp_blog_template.lightbreeze {\n\t\t\tbackground: #ffffff;\n\t\t}\n\t\t\t\t\/**\n\t * 4.0 - Classical Template\n\t *\/\n\t.bdp_blog_template.classical .bd-blog-header .bd-tags {\n\t\tcolor: #e2001a;\t}\n\t\/**\n\t * 5.0 - Light Breeze Template\n\t *\/\n\t\/**\n\t * 6.0 - Spektrum Template\n\t *\/\n\t.bdp_blog_template.spektrum .bd-blog-header {\n\t\t\t}\n\t\t\t.spektrum .date {\n\t\t\tbackground-color: #e2001a;\n\t\t}\n\t\t\t\t.spektrum .post-bottom .bd-categories a {\n\t\t\tcolor: #e2001a;\n\t\t}\n\t\t\t\t.spektrum .details a {\n\t\t\tcolor :#ffffff !important;\n\t\t\tfont-size:14px;\t\t}\n\t\t\t\t.spektrum .details a:hover {\n\t\t\tcolor :#e2001a;\n\t\t}\n\t\t\/**\n\t * 7.0 - Evolution Template\n\t *\/\n\t\/**\n\t * 8.0 - Timeline Template\n\t *\/\n\t.timeline_bg_wrap:before {\n\t\tbackground: none repeat scroll 0 0 #ffffff;\n\t}\n\t.bd-datetime, .timeline_year span.year_wrap {\n\t\tbackground: none repeat scroll 0 0 #ffffff;\n\t}\n\t.bdp_blog_template.timeline .post_hentry > p > i {\n\t\tbackground: #ffffff;\t}\n\t.bdp_blog_template.timeline:nth-child(2n+1) .post_content_wrap:before,\n\t.bdp_blog_template.timeline:nth-child(2n+1) .post_content_wrap:after {\n\t\tborder-left: 8px solid #ffffff;\n\t}\n\t.rtl .bdp_blog_template.timeline:nth-child(2n+1) .post_content_wrap:before,\n\t.rtl .bdp_blog_template.timeline:nth-child(2n+1) .post_content_wrap:after {\n\t\tborder-right: 8px solid #ffffff;\n\t}\n\t.bdp_blog_template.timeline:nth-child(2n) .post_content_wrap:before,\n\t.bdp_blog_template.timeline:nth-child(2n) .post_content_wrap:after {\n\t\tborder-right: 8px solid #ffffff;\n\t}\n\t.rtl .bdp_blog_template.timeline:nth-child(2n) .post_content_wrap:before,\n\t.rtl .bdp_blog_template.timeline:nth-child(2n) .post_content_wrap:after {\n\t\tborder-left: 8px solid #ffffff;\n\t}\n\t.post_content_wrap {\n\t\tborder:1px solid #ffffff;\n\t}\n\t.bdp_blog_template .post_content_wrap .blog_footer {\n\t\tborder-top: 1px solid #ffffff ;\n\t}\n\t.bdp_blog_template .post-icon {\n\t\t\t}\n\t.bdp_blog_template.timeline .desc h3 a{\n\t\tcolor: #e2001a !important;\t\t\t\tfont-size: 29px;\t}\n\n\t\/*media query*\/\n\t@media screen and (max-width: 991px) {\n\t\t.bdp_blog_template.timeline:nth-child(2n+1) .post_content_wrap:before,\n\t\t.bdp_blog_template.timeline:nth-child(2n+1) .post_content_wrap:after {\n\t\t\tborder-right: 8px solid #ffffff;\n\t\t}\n\t}\n\t\/**\n\t * 9.0 - News Template\n\t *\/\n\t\t\t.bdp_blog_template.news .bd-blog-header h2.title a{\n\t\t\tcolor: #e2001a;\t\t\tfont-size: 29px;\t\t}\n\t\t\/* .blog_template.boxy-clean .blog_header h2, *\/\n\t.bdp_blog_template.news .bd-blog-header h2.title{\n\t\t\t}\n\t.bdp_blog_template.news {\n\t\tbackground-color: #ffffff\t}\n\t.bdp_blog_template.news a.bd-more-tag{\n\t\tfloat: right !important;\n\t}\n\t.blog_template.boxy-clean ul li:hover,\n\t.blog_template.boxy-clean ul li:hover .blog_header h2 {\n\t\tbackground: ;\n\t}\n\t.glossary .post_content-inner {\n\t\tborder-color: #ffffff;\t}\n\t.blog_template.boxy-clean .blog_wrap.bdp_blog_template .author {\n\t\tbackground: #ffffff;\t}\n\t\/** 10.0 - Sallet Template *\/\n\t.bdp_blog_template.sallet_slider .blog_header > div > div > div {\n\t\tbackground: #ffffff;\t}\n\t.bdp_blog_template.sallet_slider .blog_header > div > div > div::before {\n\t\tbackground: #ffffff none repeat scroll 0 0;\t}\n\t.bdp_blog_template.sallet_slider.right {\n\t\tbackground: #ffffff ;\t}\n\t.blog_template.sallet_slider .category-link a {\n\t\tbackground: #ffffff ;\t\tcolor: #fff !important;\n\t}\n\t\/** 11.0 - Media Grid Template *\/\n\t.bdp_blog_template.media-grid .blog_header h2 a {\n\t\t\t}\n\t.bdp_blog_template.media-grid .bd-metacats {\n\t\tbackground: #ffffff\t}\n\n\t.bdp_blog_template.media-grid .bd-metacats:hover{\n\t\t\t}\n\n\t.bdp_blog_template.media-grid .post-meta .postdate {\n\t\tfont-size: 14px\t}\n\t\/** 12.0 - Crayon Slider Template *\/\n\t\t\t\/** 13.0 - Blog Carousel Template *\/\n\tli.blog_template.bdp_blog_template.blog_carousel {\n\t\tbackground: #ffffff\t}\n\t.blog_template.blog_carousel .blog_header:hover {\n\t\t}\n\t\/** 14.0 - Blog-Grid-Box Template *\/\n\t.blog_template.blog-grid-box .bd-more-next-line a {\n\t\tbackground: #e2001a;\t\tcolor: #ffffff\t}\n\t.blog_template.blog-grid-box .post-comment a,\n\t.blog_template.blog-grid-box .mauthor .author a,\n\t.blog_template.blog-grid-box .bd-metacats a,\n\t.blog_template.blog-grid-box .mdate a {\n\t\tcolor: #e2001a\t}\n\t.blog_template.blog-grid-box .post-comment a:hover,\n\t.blog_template.blog-grid-box .mauthor .author a:hover,\n\t.blog_template.blog-grid-box .bd-metacats a:hover,\n\t.blog_template.blog-grid-box .mdate a:hover {\n\t\tcolor: #999999\t}\n\t.blog_template.blog-grid-box .post_title a {\n\t\tcolor: #e2001a;font-size: 29px\t}\n\t.blog_template.blog-grid-box .post_content {\n\t\tcolor: #999999;font-size: 14px\t}\n\t.blog_template.blog-grid-box {\n\t\tbackground: #ffffff\t}\n\n\t\/** 15.0 - Ticker Template *\/\n\t#blog-ticker-style-1 {\n\t\tborder-color: #ffffff\t}\n\t#blog-ticker-style-1 .ticker-title {\n\t\tbackground-color: #ffffff\t}\n\t#blog-ticker-style-1 .ticker-style-title {\n\t\t\t}\n\t#blog-ticker-style-1 .ticker-title>span {\n\t\tborder-color: transparent transparent transparent#ffffff\t}\n\t#blog-ticker-style-1 .blog-tickers a:hover {\n\t\tcolor: #ffffff\t}\n\t#blog-ticker-style-1 .blog-tickers a {\n\t\tcolor: #e2001a\t}\n\t<\/style>\n<div class=\"bdp_wrapper\">\t\t<div class=\"blog_template bdp_blog_template news \">\n\t\t\t\t\t\t\t<div class=\"bd-post-image\">\n\t\t\t\t\t<a href=\"https:\/\/www.mlc-munich.de\/web\/herzlichen-dank\/\"><img loading=\"lazy\" decoding=\"async\" width=\"480\" height=\"600\" src=\"https:\/\/www.mlc-munich.de\/web\/wp-content\/uploads\/2026\/01\/019403DA-6799-4185-BD87-1C882093DC73-IMG_7461.jpeg\" class=\"attachment-full size-full wp-post-image\" alt=\"\" \/><\/a>\n\t\t\t\t<\/div>\n\t\t\t\t\t\t\t<div class=\"post-content-div\">\n\t\t\t\t<div class=\"bd-blog-header\">\n\t\t\t\t\t\t\t\t\t\t\t<p class=\"bd_date_cover\"><span class=\"date\">19. Januar 2026<\/span><\/p><h2 class=\"title\"><a href=\"https:\/\/www.mlc-munich.de\/web\/herzlichen-dank\/\"><span>Herzlichen Dank!<\/span><\/a><\/h2>\n\t\t\t\t\t\t\t\t\t<\/div>\n\t\t\t\t<div class=\"bd-post-content\">\n\t\t\t\t\tHerzlichen Dank! Der M\u00fcnchner L\u00f6wen Club \u2013 ist sehr stolz, mit dem International Leather &amp; Boots SPAIN \u2013 Seville Award als \u201eVerein des Jahres\u201c ausgezeichnet worden zu sein! Diese Ehrung geb\u00fchrt all unseren Mitgliedern, freiwilligen Helfern und Freunden, die unseren Spirit lebendig halten \u2013 in M\u00fcnchen und weit dar\u00fcber hinaus. Ein herzliches Dankesch\u00f6n an International Leather &amp; Boots SPAIN \u2013 Seville und an alle, die unsere Leidenschaft teilen. Auf noch mehr Gemeinschaft, Stolz und gelebte Fetischkultur! Thank you very much!\t\t\t\t<\/div>\n\t\t\t\t\t\t\t\t<div class=\"bd-post-footer\">\n\t\t\t\t\t\t\t\t\t\t<a class=\"bd-more-tag\" href=\"https:\/\/www.mlc-munich.de\/web\/herzlichen-dank\/\">Read More <\/a>\t\t\t\t<\/div><\/div><\/div>\n\t\t\t\t<div class=\"blog_template bdp_blog_template news \">\n\t\t\t\t\t\t\t<div class=\"bd-post-image\">\n\t\t\t\t\t<a href=\"https:\/\/www.mlc-munich.de\/web\/zukuenftiges-mlc-vereinsheim-underground-iv\/\"><img loading=\"lazy\" decoding=\"async\" width=\"960\" height=\"960\" src=\"https:\/\/www.mlc-munich.de\/web\/wp-content\/uploads\/2026\/01\/A4C7B2B1-7E8B-4CA0-9E6A-3EBFDBE7232D-C4E6D49D-15C4-49CA-88CB-0955BCBCB9AA.jpeg\" class=\"attachment-full size-full wp-post-image\" alt=\"\" srcset=\"https:\/\/www.mlc-munich.de\/web\/wp-content\/uploads\/2026\/01\/A4C7B2B1-7E8B-4CA0-9E6A-3EBFDBE7232D-C4E6D49D-15C4-49CA-88CB-0955BCBCB9AA.jpeg 960w, https:\/\/www.mlc-munich.de\/web\/wp-content\/uploads\/2026\/01\/A4C7B2B1-7E8B-4CA0-9E6A-3EBFDBE7232D-C4E6D49D-15C4-49CA-88CB-0955BCBCB9AA-600x600.jpeg 600w, https:\/\/www.mlc-munich.de\/web\/wp-content\/uploads\/2026\/01\/A4C7B2B1-7E8B-4CA0-9E6A-3EBFDBE7232D-C4E6D49D-15C4-49CA-88CB-0955BCBCB9AA-200x200.jpeg 200w, https:\/\/www.mlc-munich.de\/web\/wp-content\/uploads\/2026\/01\/A4C7B2B1-7E8B-4CA0-9E6A-3EBFDBE7232D-C4E6D49D-15C4-49CA-88CB-0955BCBCB9AA-768x768.jpeg 768w\" sizes=\"auto, (max-width: 960px) 100vw, 960px\" \/><\/a>\n\t\t\t\t<\/div>\n\t\t\t\t\t\t\t<div class=\"post-content-div\">\n\t\t\t\t<div class=\"bd-blog-header\">\n\t\t\t\t\t\t\t\t\t\t\t<p class=\"bd_date_cover\"><span class=\"date\">7. Januar 2026<\/span><\/p><h2 class=\"title\"><a href=\"https:\/\/www.mlc-munich.de\/web\/zukuenftiges-mlc-vereinsheim-underground-iv\/\"><span>Zuk\u00fcnftiges MLC\u2011Vereinsheim \u2013 UnderGround IV<\/span><\/a><\/h2>\n\t\t\t\t\t\t\t\t\t<\/div>\n\t\t\t\t<div class=\"bd-post-content\">\n\t\t\t\t\tEinige haben es schon mitbekommen \u2013 jetzt auch hier ganz offiziell: Der Mietvertrag f\u00fcr das neue UnderGround IV, unser zuk\u00fcnftiges Vereinsheim, ist unterschrieben. Der Vertrag ist langfristig angelegt. Die neue Location liegt fu\u00dfl\u00e4ufig zum aktuellen UnderGround III und bietet industriellen Charme, einen offenen Grundriss und Deckenh\u00f6hen zwischen 2,30 und 3,60 Metern. Unser Team arbeitet bereits an Konzepten f\u00fcr Ausbau und Genehmigungen, damit die ersten Ma\u00dfnahmen m\u00f6glichst bald starten k\u00f6nnen. Der Partybetrieb im UnderGround III l\u00e4uft in der Zwischenzeit unver\u00e4ndert weiter.\t\t\t\t<\/div>\n\t\t\t\t\t\t\t\t<div class=\"bd-post-footer\">\n\t\t\t\t\t\t\t\t\t\t<a class=\"bd-more-tag\" href=\"https:\/\/www.mlc-munich.de\/web\/zukuenftiges-mlc-vereinsheim-underground-iv\/\">Read More <\/a>\t\t\t\t<\/div><\/div><\/div>\n\t\t\t\t<div class=\"blog_template bdp_blog_template news \">\n\t\t\t\t\t\t\t<div class=\"bd-post-image\">\n\t\t\t\t\t<a href=\"https:\/\/www.mlc-munich.de\/web\/die-kandidatenfuer-die-bavarian-mr-fetish-wahl-2026-bei-der-mlc-weihnachtsfeier\/\"><img loading=\"lazy\" decoding=\"async\" width=\"1406\" height=\"1018\" src=\"https:\/\/www.mlc-munich.de\/web\/wp-content\/uploads\/2026\/01\/SCR-20260107-eqf.jpeg\" class=\"attachment-full size-full wp-post-image\" alt=\"\" srcset=\"https:\/\/www.mlc-munich.de\/web\/wp-content\/uploads\/2026\/01\/SCR-20260107-eqf.jpeg 1406w, https:\/\/www.mlc-munich.de\/web\/wp-content\/uploads\/2026\/01\/SCR-20260107-eqf-600x434.jpeg 600w, https:\/\/www.mlc-munich.de\/web\/wp-content\/uploads\/2026\/01\/SCR-20260107-eqf-768x556.jpeg 768w\" sizes=\"auto, (max-width: 1406px) 100vw, 1406px\" \/><\/a>\n\t\t\t\t<\/div>\n\t\t\t\t\t\t\t<div class=\"post-content-div\">\n\t\t\t\t<div class=\"bd-blog-header\">\n\t\t\t\t\t\t\t\t\t\t\t<p class=\"bd_date_cover\"><span class=\"date\">7. Januar 2026<\/span><\/p><h2 class=\"title\"><a href=\"https:\/\/www.mlc-munich.de\/web\/die-kandidatenfuer-die-bavarian-mr-fetish-wahl-2026-bei-der-mlc-weihnachtsfeier\/\"><span>Die Kandidatenf\u00fcr die Bavarian Mr. Fetish Wahl 2026 bei der MLC-Weihnachtsfeier.<\/span><\/a><\/h2>\n\t\t\t\t\t\t\t\t\t<\/div>\n\t\t\t\t<div class=\"bd-post-content\">\n\t\t\t\t\tVier Kandidaten mit unterschiedlichen Fetish-Styles, Geschichten und Zielen. Ihre Motivation und Vorstellung lest ihr hier: https:\/\/t1p.de\/BMrF2026 https:\/\/www.mlc-munich.de\/web\/wp-content\/uploads\/2026\/01\/53f2e10836edee13ca27a9ed0ae6d0e3.mp4\t\t\t\t<\/div>\n\t\t\t\t\t\t\t\t<div class=\"bd-post-footer\">\n\t\t\t\t\t\t\t\t\t\t<a class=\"bd-more-tag\" href=\"https:\/\/www.mlc-munich.de\/web\/die-kandidatenfuer-die-bavarian-mr-fetish-wahl-2026-bei-der-mlc-weihnachtsfeier\/\">Read More <\/a>\t\t\t\t<\/div><\/div><\/div>\n\t\t\t\t<div class=\"blog_template bdp_blog_template news \">\n\t\t\t\t\t\t\t<div class=\"bd-post-image\">\n\t\t\t\t\t<a href=\"https:\/\/www.mlc-munich.de\/web\/strahlende-momente-von-unserer-mlc-weihnachtsfeier\/\"><img loading=\"lazy\" decoding=\"async\" width=\"1866\" height=\"1066\" src=\"https:\/\/www.mlc-munich.de\/web\/wp-content\/uploads\/2026\/01\/SCR-20260107-eq2.jpeg\" class=\"attachment-full size-full wp-post-image\" alt=\"\" srcset=\"https:\/\/www.mlc-munich.de\/web\/wp-content\/uploads\/2026\/01\/SCR-20260107-eq2.jpeg 1866w, https:\/\/www.mlc-munich.de\/web\/wp-content\/uploads\/2026\/01\/SCR-20260107-eq2-600x343.jpeg 600w, https:\/\/www.mlc-munich.de\/web\/wp-content\/uploads\/2026\/01\/SCR-20260107-eq2-768x439.jpeg 768w, https:\/\/www.mlc-munich.de\/web\/wp-content\/uploads\/2026\/01\/SCR-20260107-eq2-1536x877.jpeg 1536w\" sizes=\"auto, (max-width: 1866px) 100vw, 1866px\" \/><\/a>\n\t\t\t\t<\/div>\n\t\t\t\t\t\t\t<div class=\"post-content-div\">\n\t\t\t\t<div class=\"bd-blog-header\">\n\t\t\t\t\t\t\t\t\t\t\t<p class=\"bd_date_cover\"><span class=\"date\">7. Januar 2026<\/span><\/p><h2 class=\"title\"><a href=\"https:\/\/www.mlc-munich.de\/web\/strahlende-momente-von-unserer-mlc-weihnachtsfeier\/\"><span>Strahlende Momente von unserer MLC-Weihnachtsfeier!<\/span><\/a><\/h2>\n\t\t\t\t\t\t\t\t\t<\/div>\n\t\t\t\t<div class=\"bd-post-content\">\n\t\t\t\t\tEin Abend voller Gemeinschaft, Freude und festlicher Stimmung \u2013 mit der Vorstellung der Bavarian Mr Fetish Kandidaten und der Spendencheck-\u00dcbergabe an das Marikas, die Kirchengemeinde St. Lukas und das Forum Queeres Archiv M\u00fcnchen. \u00dcber 200 G\u00e4ste haben gemeinsam gefeiert und die Weihnachtszeit eingel\u00e4utet. Von Herzen danken wir allen Helfern f\u00fcr ihren unerm\u00fcdlichen Einsatz! https:\/\/www.mlc-munich.de\/web\/wp-content\/uploads\/2026\/01\/ebb8d22bf44a15b8c657c519efa83562.mp4 https:\/\/www.mlc-munich.de\/web\/wp-content\/uploads\/2026\/01\/Xmas_Vid_2025.mp4\t\t\t\t<\/div>\n\t\t\t\t\t\t\t\t<div class=\"bd-post-footer\">\n\t\t\t\t\t\t\t\t\t\t<a class=\"bd-more-tag\" href=\"https:\/\/www.mlc-munich.de\/web\/strahlende-momente-von-unserer-mlc-weihnachtsfeier\/\">Read More <\/a>\t\t\t\t<\/div><\/div><\/div>\n\t\t\t\t<div class=\"blog_template bdp_blog_template news \">\n\t\t\t\t\t\t\t<div class=\"bd-post-image\">\n\t\t\t\t\t<a href=\"https:\/\/www.mlc-munich.de\/web\/christkindles-treffen-des-nuernberger-leder-clubs\/\"><img loading=\"lazy\" decoding=\"async\" width=\"1256\" height=\"1568\" src=\"https:\/\/www.mlc-munich.de\/web\/wp-content\/uploads\/2025\/12\/image1.jpeg\" class=\"attachment-full size-full wp-post-image\" alt=\"\" srcset=\"https:\/\/www.mlc-munich.de\/web\/wp-content\/uploads\/2025\/12\/image1.jpeg 1256w, https:\/\/www.mlc-munich.de\/web\/wp-content\/uploads\/2025\/12\/image1-481x600.jpeg 481w, https:\/\/www.mlc-munich.de\/web\/wp-content\/uploads\/2025\/12\/image1-768x959.jpeg 768w, https:\/\/www.mlc-munich.de\/web\/wp-content\/uploads\/2025\/12\/image1-1230x1536.jpeg 1230w\" sizes=\"auto, (max-width: 1256px) 100vw, 1256px\" \/><\/a>\n\t\t\t\t<\/div>\n\t\t\t\t\t\t\t<div class=\"post-content-div\">\n\t\t\t\t<div class=\"bd-blog-header\">\n\t\t\t\t\t\t\t\t\t\t\t<p class=\"bd_date_cover\"><span class=\"date\">8. Dezember 2025<\/span><\/p><h2 class=\"title\"><a href=\"https:\/\/www.mlc-munich.de\/web\/christkindles-treffen-des-nuernberger-leder-clubs\/\"><span>Christkindles-Treffen des N\u00fcrnberger Leder Clubs<\/span><\/a><\/h2>\n\t\t\t\t\t\t\t\t\t<\/div>\n\t\t\t\t<div class=\"bd-post-content\">\n\t\t\t\t\tDer M\u00fcnchner L\u00f6wen Club war zu Gast beim traditionellen Christkindles-Treffen des N\u00fcrnberger Leder Clubs \u2013 ein wunderbares Wochenende voller Herzlichkeit. Ein echtes Highlight war der gemeinsame Theaterbesuch der Schlampenlichter. Besonders ber\u00fchrend war die Weihe zur Schwester von Agda, ein besonderer Moment f\u00fcr den Zusammenhalt unserer Community. Wir sagen danke an den N\u00fcrnberger Leder Club f\u00fcr die Gastfreundschaft und freuen uns schon auf weitere gemeinsame Treffen!\t\t\t\t<\/div>\n\t\t\t\t\t\t\t\t<div class=\"bd-post-footer\">\n\t\t\t\t\t\t\t\t\t\t<a class=\"bd-more-tag\" href=\"https:\/\/www.mlc-munich.de\/web\/christkindles-treffen-des-nuernberger-leder-clubs\/\">Read More <\/a>\t\t\t\t<\/div><\/div><\/div>\n\t\t\t\t<div class=\"blog_template bdp_blog_template news \">\n\t\t\t\t\t\t\t<div class=\"bd-post-image\">\n\t\t\t\t\t<a href=\"https:\/\/www.mlc-munich.de\/web\/wien-in-schwarz\/\"><img loading=\"lazy\" decoding=\"async\" width=\"851\" height=\"1280\" src=\"https:\/\/www.mlc-munich.de\/web\/wp-content\/uploads\/2025\/12\/image0.jpeg\" class=\"attachment-full size-full wp-post-image\" alt=\"\" srcset=\"https:\/\/www.mlc-munich.de\/web\/wp-content\/uploads\/2025\/12\/image0.jpeg 851w, https:\/\/www.mlc-munich.de\/web\/wp-content\/uploads\/2025\/12\/image0-399x600.jpeg 399w, https:\/\/www.mlc-munich.de\/web\/wp-content\/uploads\/2025\/12\/image0-768x1155.jpeg 768w\" sizes=\"auto, (max-width: 851px) 100vw, 851px\" \/><\/a>\n\t\t\t\t<\/div>\n\t\t\t\t\t\t\t<div class=\"post-content-div\">\n\t\t\t\t<div class=\"bd-blog-header\">\n\t\t\t\t\t\t\t\t\t\t\t<p class=\"bd_date_cover\"><span class=\"date\">8. Dezember 2025<\/span><\/p><h2 class=\"title\"><a href=\"https:\/\/www.mlc-munich.de\/web\/wien-in-schwarz\/\"><span>Wien in Schwarz<\/span><\/a><\/h2>\n\t\t\t\t\t\t\t\t\t<\/div>\n\t\t\t\t<div class=\"bd-post-content\">\n\t\t\t\t\tAls Bavarian Mister Fetish durfte ich Wien in Schwarz besuchen \u2013 ein ganz besonderes Event, denn unser Partnerverein, die LMC Vienna, feierte sein 40-j\u00e4hriges Bestehen. Zu diesem Jubil\u00e4um gab es eine beeindruckende Ausstellung, die die vielf\u00e4ltige Geschichte des Vereins, seine Community-Arbeit und seine kulturelle Bedeutung eindrucksvoll dokumentierte. Gemeinsame Momente wie das Abendessen, der Brunch und nat\u00fcrlich die abendlichen Partys boten reichlich Gelegenheit, miteinander ins Gespr\u00e4ch zu kommen, alte Freunde wiederzusehen und neue Kontakte zu kn\u00fcpfen. Zahlreiche Titeltr\u00e4ger aus unterschiedlichen Regionen\t\t\t\t<\/div>\n\t\t\t\t\t\t\t\t<div class=\"bd-post-footer\">\n\t\t\t\t\t\t\t\t\t\t<a class=\"bd-more-tag\" href=\"https:\/\/www.mlc-munich.de\/web\/wien-in-schwarz\/\">Read More <\/a>\t\t\t\t<\/div><\/div><\/div>\n\t\t\t\t<div class=\"blog_template bdp_blog_template news \">\n\t\t\t\t\t\t\t<div class=\"bd-post-image\">\n\t\t\t\t\t<a href=\"https:\/\/www.mlc-munich.de\/web\/leather-weekend-in-athen\/\"><img loading=\"lazy\" decoding=\"async\" width=\"480\" height=\"480\" src=\"https:\/\/www.mlc-munich.de\/web\/wp-content\/uploads\/2025\/12\/565e547d-3934-495e-a11f-6d1aee811468.jpeg\" class=\"attachment-full size-full wp-post-image\" alt=\"\" srcset=\"https:\/\/www.mlc-munich.de\/web\/wp-content\/uploads\/2025\/12\/565e547d-3934-495e-a11f-6d1aee811468.jpeg 480w, https:\/\/www.mlc-munich.de\/web\/wp-content\/uploads\/2025\/12\/565e547d-3934-495e-a11f-6d1aee811468-200x200.jpeg 200w\" sizes=\"auto, (max-width: 480px) 100vw, 480px\" \/><\/a>\n\t\t\t\t<\/div>\n\t\t\t\t\t\t\t<div class=\"post-content-div\">\n\t\t\t\t<div class=\"bd-blog-header\">\n\t\t\t\t\t\t\t\t\t\t\t<p class=\"bd_date_cover\"><span class=\"date\">8. Dezember 2025<\/span><\/p><h2 class=\"title\"><a href=\"https:\/\/www.mlc-munich.de\/web\/leather-weekend-in-athen\/\"><span>Leather Weekend in Athen<\/span><\/a><\/h2>\n\t\t\t\t\t\t\t\t\t<\/div>\n\t\t\t\t<div class=\"bd-post-content\">\n\t\t\t\t\tWir waren beim dritten Leather Weekend in Athen dabei \u2013 ein Wochenende voller Begegnungen, guter Gespr\u00e4che und echtem Community-Spirit. Die Gastgeber haben uns herzlich empfangen und f\u00fcr eine gro\u00dfartige Atmosph\u00e4re gesorgt. Zwischen Workshops, Talks und entspannten Abenden haben wir viele neue Freundschaften geschlossen. Ein herzliches Dankesch\u00f6n an die wunderbaren Menschen in Athen, die uns ein unvergessliches Wochenende beschert haben.\t\t\t\t<\/div>\n\t\t\t\t\t\t\t\t<div class=\"bd-post-footer\">\n\t\t\t\t\t\t\t\t\t\t<a class=\"bd-more-tag\" href=\"https:\/\/www.mlc-munich.de\/web\/leather-weekend-in-athen\/\">Read More <\/a>\t\t\t\t<\/div><\/div><\/div>\n\t\t\t\t<div class=\"blog_template bdp_blog_template news \">\n\t\t\t\t\t\t\t<div class=\"bd-post-image\">\n\t\t\t\t\t<a href=\"https:\/\/www.mlc-munich.de\/web\/mlc-team-in-nizza-partnerbesuch-fuer-die-mr-fetish-france-wahl\/\"><img loading=\"lazy\" decoding=\"async\" width=\"240\" height=\"300\" src=\"https:\/\/www.mlc-munich.de\/web\/wp-content\/uploads\/2025\/12\/E723EC85-DFDC-4117-853A-E8ECB5AACF15.jpeg\" class=\"attachment-full size-full wp-post-image\" alt=\"\" \/><\/a>\n\t\t\t\t<\/div>\n\t\t\t\t\t\t\t<div class=\"post-content-div\">\n\t\t\t\t<div class=\"bd-blog-header\">\n\t\t\t\t\t\t\t\t\t\t\t<p class=\"bd_date_cover\"><span class=\"date\">8. Dezember 2025<\/span><\/p><h2 class=\"title\"><a href=\"https:\/\/www.mlc-munich.de\/web\/mlc-team-in-nizza-partnerbesuch-fuer-die-mr-fetish-france-wahl\/\"><span>MLC-Team in Nizza: Partnerbesuch f\u00fcr die Mr. Fetish France Wahl<\/span><\/a><\/h2>\n\t\t\t\t\t\t\t\t\t<\/div>\n\t\t\t\t<div class=\"bd-post-content\">\n\t\t\t\t\tVom 13. bis 16. November waren wir zusammen mit dem Bavarian Mr. Fetish in Nizza \u2013 f\u00fcr den Besuch unseres Partnerclubs EvidencE und der Wahl zum Mr. Fetish France 2026.\u00a0Martin leitete als Pr\u00e4sident der Jury die spannende Wahl. Danke an EvidencE f\u00fcr die tolle Gastfreundschaft und das gelungene Wochenende.\t\t\t\t<\/div>\n\t\t\t\t\t\t\t\t<div class=\"bd-post-footer\">\n\t\t\t\t\t\t\t\t\t\t<a class=\"bd-more-tag\" href=\"https:\/\/www.mlc-munich.de\/web\/mlc-team-in-nizza-partnerbesuch-fuer-die-mr-fetish-france-wahl\/\">Read More <\/a>\t\t\t\t<\/div><\/div><\/div>\n\t\t\t\t<div class=\"blog_template bdp_blog_template news \">\n\t\t\t\t\t\t\t<div class=\"bd-post-image\">\n\t\t\t\t\t<a href=\"https:\/\/www.mlc-munich.de\/web\/bmrf-wie-laeuft-die-wahl-eigentlich-ab\/\"><img loading=\"lazy\" decoding=\"async\" width=\"1080\" height=\"1080\" src=\"https:\/\/www.mlc-munich.de\/web\/wp-content\/uploads\/2025\/10\/4916D809-E617-4097-80C0-E9631FA02BC0.jpg\" class=\"attachment-full size-full wp-post-image\" alt=\"\" srcset=\"https:\/\/www.mlc-munich.de\/web\/wp-content\/uploads\/2025\/10\/4916D809-E617-4097-80C0-E9631FA02BC0.jpg 1080w, https:\/\/www.mlc-munich.de\/web\/wp-content\/uploads\/2025\/10\/4916D809-E617-4097-80C0-E9631FA02BC0-600x600.jpg 600w, https:\/\/www.mlc-munich.de\/web\/wp-content\/uploads\/2025\/10\/4916D809-E617-4097-80C0-E9631FA02BC0-200x200.jpg 200w, https:\/\/www.mlc-munich.de\/web\/wp-content\/uploads\/2025\/10\/4916D809-E617-4097-80C0-E9631FA02BC0-768x768.jpg 768w\" sizes=\"auto, (max-width: 1080px) 100vw, 1080px\" \/><\/a>\n\t\t\t\t<\/div>\n\t\t\t\t\t\t\t<div class=\"post-content-div\">\n\t\t\t\t<div class=\"bd-blog-header\">\n\t\t\t\t\t\t\t\t\t\t\t<p class=\"bd_date_cover\"><span class=\"date\">21. Oktober 2025<\/span><\/p><h2 class=\"title\"><a href=\"https:\/\/www.mlc-munich.de\/web\/bmrf-wie-laeuft-die-wahl-eigentlich-ab\/\"><span>BMrF &#8211; Wie l\u00e4uft die Wahl eigentlich ab?<\/span><\/a><\/h2>\n\t\t\t\t\t\t\t\t\t<\/div>\n\t\t\t\t<div class=\"bd-post-content\">\n\t\t\t\t\tUnsere Kandidaten zeigen in insgesamt vier Wahlg\u00e4ngen an drei Tagen, was sie draufhaben \u2013 mit B\u00fchnenpr\u00e4senz, Stil und Pers\u00f6nlichkeit. Gemeinsam mit dem Publikum k\u00fcren wir den neuen Bavarian Mister Fetish, der unsere Szene ein Jahr lang repr\u00e4sentiert! -&gt; Bock auf B\u00fchne? Wir wollen dich sehen! Werde Bavarian Mr. Fetish 2026 Kandidat!\t\t\t\t<\/div>\n\t\t\t\t\t\t\t\t<div class=\"bd-post-footer\">\n\t\t\t\t\t\t\t\t\t\t<a class=\"bd-more-tag\" href=\"https:\/\/www.mlc-munich.de\/web\/bmrf-wie-laeuft-die-wahl-eigentlich-ab\/\">Read More <\/a>\t\t\t\t<\/div><\/div><\/div>\n\t\t\t\t<div class=\"blog_template bdp_blog_template news \">\n\t\t\t\t\t\t\t<div class=\"bd-post-image\">\n\t\t\t\t\t<a href=\"https:\/\/www.mlc-munich.de\/web\/leather-pride-und-ecmc-generalversammlung-in-amsterdam\/\"><img loading=\"lazy\" decoding=\"async\" width=\"2560\" height=\"2560\" src=\"https:\/\/www.mlc-munich.de\/web\/wp-content\/uploads\/2025\/10\/C029C6BD-FFED-423E-8921-ED71954BAEE0-scaled.jpg\" class=\"attachment-full size-full wp-post-image\" alt=\"\" srcset=\"https:\/\/www.mlc-munich.de\/web\/wp-content\/uploads\/2025\/10\/C029C6BD-FFED-423E-8921-ED71954BAEE0-scaled.jpg 2560w, https:\/\/www.mlc-munich.de\/web\/wp-content\/uploads\/2025\/10\/C029C6BD-FFED-423E-8921-ED71954BAEE0-600x600.jpg 600w, https:\/\/www.mlc-munich.de\/web\/wp-content\/uploads\/2025\/10\/C029C6BD-FFED-423E-8921-ED71954BAEE0-2000x2000.jpg 2000w, https:\/\/www.mlc-munich.de\/web\/wp-content\/uploads\/2025\/10\/C029C6BD-FFED-423E-8921-ED71954BAEE0-200x200.jpg 200w, https:\/\/www.mlc-munich.de\/web\/wp-content\/uploads\/2025\/10\/C029C6BD-FFED-423E-8921-ED71954BAEE0-768x768.jpg 768w, https:\/\/www.mlc-munich.de\/web\/wp-content\/uploads\/2025\/10\/C029C6BD-FFED-423E-8921-ED71954BAEE0-1536x1536.jpg 1536w, https:\/\/www.mlc-munich.de\/web\/wp-content\/uploads\/2025\/10\/C029C6BD-FFED-423E-8921-ED71954BAEE0-2048x2048.jpg 2048w\" sizes=\"auto, (max-width: 2560px) 100vw, 2560px\" \/><\/a>\n\t\t\t\t<\/div>\n\t\t\t\t\t\t\t<div class=\"post-content-div\">\n\t\t\t\t<div class=\"bd-blog-header\">\n\t\t\t\t\t\t\t\t\t\t\t<p class=\"bd_date_cover\"><span class=\"date\">21. Oktober 2025<\/span><\/p><h2 class=\"title\"><a href=\"https:\/\/www.mlc-munich.de\/web\/leather-pride-und-ecmc-generalversammlung-in-amsterdam\/\"><span>Leather Pride und ECMC Generalversammlung in Amsterdam<\/span><\/a><\/h2>\n\t\t\t\t\t\t\t\t\t<\/div>\n\t\t\t\t<div class=\"bd-post-content\">\n\t\t\t\t\tVom 16. bis 19. Oktober fand in Amsterdam die Leather Pride sowie die Generalversammlung der ECMC statt. Unser Bavarian Mr. Fetish 2025, Andy, vertrat den MLC M\u00fcnchen. Wir freuen uns sehr: Die ECMC hat den MLC offiziell als Mitglied aufgenommen! Ein starkes Zeichen f\u00fcr Zusammenhalt in der europ\u00e4ischen Fetish-Community. Im Rahmen der Leather Pride und der ECMC Tagung wurden au\u00dferdem neue Titeltr\u00e4ger gew\u00e4hlt \u2013 wir gratulieren: \u2022 Danny &#8211; Mr. Leather Netherlands 2026 \u2022 Pup Mozi &#8211; Mr. Puppy Netherlands\t\t\t\t<\/div>\n\t\t\t\t\t\t\t\t<div class=\"bd-post-footer\">\n\t\t\t\t\t\t\t\t\t\t<a class=\"bd-more-tag\" href=\"https:\/\/www.mlc-munich.de\/web\/leather-pride-und-ecmc-generalversammlung-in-amsterdam\/\">Read More <\/a>\t\t\t\t<\/div><\/div><\/div>\n\t\t\t\t<div class=\"blog_template bdp_blog_template news \">\n\t\t\t\t\t\t\t<div class=\"bd-post-image\">\n\t\t\t\t\t<a href=\"https:\/\/www.mlc-munich.de\/web\/international-rubber-weekend-2025-in-chicago\/\"><img loading=\"lazy\" decoding=\"async\" width=\"2560\" height=\"2560\" src=\"https:\/\/www.mlc-munich.de\/web\/wp-content\/uploads\/2025\/10\/5644919665555-scaled.jpeg\" class=\"attachment-full size-full wp-post-image\" alt=\"\" srcset=\"https:\/\/www.mlc-munich.de\/web\/wp-content\/uploads\/2025\/10\/5644919665555-scaled.jpeg 2560w, https:\/\/www.mlc-munich.de\/web\/wp-content\/uploads\/2025\/10\/5644919665555-600x600.jpeg 600w, https:\/\/www.mlc-munich.de\/web\/wp-content\/uploads\/2025\/10\/5644919665555-2000x2000.jpeg 2000w, https:\/\/www.mlc-munich.de\/web\/wp-content\/uploads\/2025\/10\/5644919665555-200x200.jpeg 200w, https:\/\/www.mlc-munich.de\/web\/wp-content\/uploads\/2025\/10\/5644919665555-768x768.jpeg 768w, https:\/\/www.mlc-munich.de\/web\/wp-content\/uploads\/2025\/10\/5644919665555-1536x1536.jpeg 1536w, https:\/\/www.mlc-munich.de\/web\/wp-content\/uploads\/2025\/10\/5644919665555-2048x2048.jpeg 2048w\" sizes=\"auto, (max-width: 2560px) 100vw, 2560px\" \/><\/a>\n\t\t\t\t<\/div>\n\t\t\t\t\t\t\t<div class=\"post-content-div\">\n\t\t\t\t<div class=\"bd-blog-header\">\n\t\t\t\t\t\t\t\t\t\t\t<p class=\"bd_date_cover\"><span class=\"date\">21. Oktober 2025<\/span><\/p><h2 class=\"title\"><a href=\"https:\/\/www.mlc-munich.de\/web\/international-rubber-weekend-2025-in-chicago\/\"><span>International Rubber Weekend 2025 in Chicago<\/span><\/a><\/h2>\n\t\t\t\t\t\t\t\t\t<\/div>\n\t\t\t\t<div class=\"bd-post-content\">\n\t\t\t\t\tInternational Rubber Weekend 2025 in Chicago Vom 16. bis 19. Oktober fand in Chicago das International Rubber Weekend statt. Unser Martin war Teil der Jury und erlebte ein beeindruckendes Event mit Teilnehmenden aus aller Welt. Elliot aus Melbourne wurde zum neuen Mx International Rubber gek\u00fcrt \u2013 herzlichen Gl\u00fcckwunsch! &nbsp;\t\t\t\t<\/div>\n\t\t\t\t\t\t\t\t<div class=\"bd-post-footer\">\n\t\t\t\t\t\t\t\t\t\t<a class=\"bd-more-tag\" href=\"https:\/\/www.mlc-munich.de\/web\/international-rubber-weekend-2025-in-chicago\/\">Read More <\/a>\t\t\t\t<\/div><\/div><\/div>\n\t\t\t\t<div class=\"blog_template bdp_blog_template news \">\n\t\t\t\t\t\t\t<div class=\"bd-post-image\">\n\t\t\t\t\t<a href=\"https:\/\/www.mlc-munich.de\/web\/wir-gratulieren-shkody-herzlich-zum-titel-mr-fetish-germany-2026\/\"><img loading=\"lazy\" decoding=\"async\" width=\"2560\" height=\"2560\" src=\"https:\/\/www.mlc-munich.de\/web\/wp-content\/uploads\/2025\/10\/Unknown-scaled.jpeg\" class=\"attachment-full size-full wp-post-image\" alt=\"\" srcset=\"https:\/\/www.mlc-munich.de\/web\/wp-content\/uploads\/2025\/10\/Unknown-scaled.jpeg 2560w, https:\/\/www.mlc-munich.de\/web\/wp-content\/uploads\/2025\/10\/Unknown-600x600.jpeg 600w, https:\/\/www.mlc-munich.de\/web\/wp-content\/uploads\/2025\/10\/Unknown-2000x2000.jpeg 2000w, https:\/\/www.mlc-munich.de\/web\/wp-content\/uploads\/2025\/10\/Unknown-200x200.jpeg 200w, https:\/\/www.mlc-munich.de\/web\/wp-content\/uploads\/2025\/10\/Unknown-768x768.jpeg 768w, https:\/\/www.mlc-munich.de\/web\/wp-content\/uploads\/2025\/10\/Unknown-1536x1536.jpeg 1536w, https:\/\/www.mlc-munich.de\/web\/wp-content\/uploads\/2025\/10\/Unknown-2048x2048.jpeg 2048w\" sizes=\"auto, (max-width: 2560px) 100vw, 2560px\" \/><\/a>\n\t\t\t\t<\/div>\n\t\t\t\t\t\t\t<div class=\"post-content-div\">\n\t\t\t\t<div class=\"bd-blog-header\">\n\t\t\t\t\t\t\t\t\t\t\t<p class=\"bd_date_cover\"><span class=\"date\">21. Oktober 2025<\/span><\/p><h2 class=\"title\"><a href=\"https:\/\/www.mlc-munich.de\/web\/wir-gratulieren-shkody-herzlich-zum-titel-mr-fetish-germany-2026\/\"><span>Wir gratulieren Shkody herzlich zum Titel Mr. Fetish Germany 2026<\/span><\/a><\/h2>\n\t\t\t\t\t\t\t\t\t<\/div>\n\t\t\t\t<div class=\"bd-post-content\">\n\t\t\t\t\tVom 16. bis 19. Oktober 2025 and in Dresden das Fetish Unity Wochenende bei unserem Partnerverein LFCD statt. Das Event brachte Fetischfreunde aus ganz Deutschland und Europa zusammen \u2013 mit Partys, Fetish Pub Crawl und der Wahl des Mr. Fetish Germany 2026 als H\u00f6hepunkt. Wir gratulieren Shkody herzlich zum Titel Mr. Fetish Germany 2026 und w\u00fcnschen ihm viel Erfolg und Spa\u00df in seinem Amtsjahr! Dieses Wochenende zeigte eindrucksvoll, wie stark die Fetish Community in Deutschland verbunden ist. Vielen Dank an\t\t\t\t<\/div>\n\t\t\t\t\t\t\t\t<div class=\"bd-post-footer\">\n\t\t\t\t\t\t\t\t\t\t<a class=\"bd-more-tag\" href=\"https:\/\/www.mlc-munich.de\/web\/wir-gratulieren-shkody-herzlich-zum-titel-mr-fetish-germany-2026\/\">Read More <\/a>\t\t\t\t<\/div><\/div><\/div>\n\t\t\t\t<div class=\"blog_template bdp_blog_template news \">\n\t\t\t\t\t\t<div class=\"post-content-div full_with_class\">\n\t\t\t\t<div class=\"bd-blog-header\">\n\t\t\t\t\t\t\t\t\t\t\t<p class=\"bd_date_cover\"><span class=\"date\">16. Oktober 2025<\/span><\/p><h2 class=\"title\"><a href=\"https:\/\/www.mlc-munich.de\/web\/rueckblick-vom-mlc-oktoberfesttreffen-2025\/\"><span>Video-R\u00fcckblick vom MLC Oktoberfesttreffen 2025!<\/span><\/a><\/h2>\n\t\t\t\t\t\t\t\t\t<\/div>\n\t\t\t\t<div class=\"bd-post-content\">\n\t\t\t\t\thttps:\/\/www.mlc-munich.de\/web\/wp-content\/uploads\/2025\/10\/VIDEO-2025-10-05-11-59-28.mp4\t\t\t\t<\/div>\n\t\t\t\t\t\t\t\t<div class=\"bd-post-footer\">\n\t\t\t\t\t\t\t\t\t\t<a class=\"bd-more-tag\" href=\"https:\/\/www.mlc-munich.de\/web\/rueckblick-vom-mlc-oktoberfesttreffen-2025\/\">Read More <\/a>\t\t\t\t<\/div><\/div><\/div>\n\t\t\t\t<div class=\"blog_template bdp_blog_template news \">\n\t\t\t\t\t\t\t<div class=\"bd-post-image\">\n\t\t\t\t\t<a href=\"https:\/\/www.mlc-munich.de\/web\/wie-entstand-der-titel\/\"><img loading=\"lazy\" decoding=\"async\" width=\"1080\" height=\"1080\" src=\"https:\/\/www.mlc-munich.de\/web\/wp-content\/uploads\/2025\/10\/bmrl_bmrf_.jpeg\" class=\"attachment-full size-full wp-post-image\" alt=\"\" srcset=\"https:\/\/www.mlc-munich.de\/web\/wp-content\/uploads\/2025\/10\/bmrl_bmrf_.jpeg 1080w, https:\/\/www.mlc-munich.de\/web\/wp-content\/uploads\/2025\/10\/bmrl_bmrf_-600x600.jpeg 600w, https:\/\/www.mlc-munich.de\/web\/wp-content\/uploads\/2025\/10\/bmrl_bmrf_-200x200.jpeg 200w, https:\/\/www.mlc-munich.de\/web\/wp-content\/uploads\/2025\/10\/bmrl_bmrf_-768x768.jpeg 768w\" sizes=\"auto, (max-width: 1080px) 100vw, 1080px\" \/><\/a>\n\t\t\t\t<\/div>\n\t\t\t\t\t\t\t<div class=\"post-content-div\">\n\t\t\t\t<div class=\"bd-blog-header\">\n\t\t\t\t\t\t\t\t\t\t\t<p class=\"bd_date_cover\"><span class=\"date\">16. Oktober 2025<\/span><\/p><h2 class=\"title\"><a href=\"https:\/\/www.mlc-munich.de\/web\/wie-entstand-der-titel\/\"><span>Wie entstand der Titel? \u00a0<\/span><\/a><\/h2>\n\t\t\t\t\t\t\t\t\t<\/div>\n\t\t\t\t<div class=\"bd-post-content\">\n\t\t\t\t\tVom Bavarian Mister Leather zum Bavarian Mister Fetish: Er steht f\u00fcr alle Fetische und vereint sie in einem Titel \u2013 \u00a0als Stimme und Gesicht f\u00fcr die gesamte Fetisch Szene in Bayern. Jetzt bist du gefragt: Bewirb dich als Kandidat f\u00fcr die Wahl zum Bavarian Mr. Fetish 2026 und zeige, wof\u00fcr du stehst!\t\t\t\t<\/div>\n\t\t\t\t\t\t\t\t<div class=\"bd-post-footer\">\n\t\t\t\t\t\t\t\t\t\t<a class=\"bd-more-tag\" href=\"https:\/\/www.mlc-munich.de\/web\/wie-entstand-der-titel\/\">Read More <\/a>\t\t\t\t<\/div><\/div><\/div>\n\t\t\t\t<div class=\"blog_template bdp_blog_template news \">\n\t\t\t\t\t\t\t<div class=\"bd-post-image\">\n\t\t\t\t\t<a href=\"https:\/\/www.mlc-munich.de\/web\/was-steckt-hinter-bavarian-mister-fetish\/\"><img loading=\"lazy\" decoding=\"async\" width=\"1080\" height=\"1080\" src=\"https:\/\/www.mlc-munich.de\/web\/wp-content\/uploads\/2025\/10\/bmrf_2025_andy.jpeg\" class=\"attachment-full size-full wp-post-image\" alt=\"\" srcset=\"https:\/\/www.mlc-munich.de\/web\/wp-content\/uploads\/2025\/10\/bmrf_2025_andy.jpeg 1080w, https:\/\/www.mlc-munich.de\/web\/wp-content\/uploads\/2025\/10\/bmrf_2025_andy-600x600.jpeg 600w, https:\/\/www.mlc-munich.de\/web\/wp-content\/uploads\/2025\/10\/bmrf_2025_andy-200x200.jpeg 200w, https:\/\/www.mlc-munich.de\/web\/wp-content\/uploads\/2025\/10\/bmrf_2025_andy-768x768.jpeg 768w\" sizes=\"auto, (max-width: 1080px) 100vw, 1080px\" \/><\/a>\n\t\t\t\t<\/div>\n\t\t\t\t\t\t\t<div class=\"post-content-div\">\n\t\t\t\t<div class=\"bd-blog-header\">\n\t\t\t\t\t\t\t\t\t\t\t<p class=\"bd_date_cover\"><span class=\"date\">16. Oktober 2025<\/span><\/p><h2 class=\"title\"><a href=\"https:\/\/www.mlc-munich.de\/web\/was-steckt-hinter-bavarian-mister-fetish\/\"><span>Was steckt hinter Bavarian Mister Fetish?<\/span><\/a><\/h2>\n\t\t\t\t\t\t\t\t\t<\/div>\n\t\t\t\t<div class=\"bd-post-content\">\n\t\t\t\t\tDer Bavarian Mister Fetish bringt Bayerns Fetisch-Community zusammen! Nicht nur ein Contest, sondern ein Statement f\u00fcr Akzeptanz &amp; Vielfalt. Wusstest du: Jeder Fetisch ist willkommen und Respekt steht im Mittelpunkt! Bewirb dich jetzt als Kandidat f\u00fcr die Wahl des Bavarian Mr. Fetish 2026!\t\t\t\t<\/div>\n\t\t\t\t\t\t\t\t<div class=\"bd-post-footer\">\n\t\t\t\t\t\t\t\t\t\t<a class=\"bd-more-tag\" href=\"https:\/\/www.mlc-munich.de\/web\/was-steckt-hinter-bavarian-mister-fetish\/\">Read More <\/a>\t\t\t\t<\/div><\/div><\/div>\n\t\t\t\t<div class=\"blog_template bdp_blog_template news \">\n\t\t\t\t\t\t\t<div class=\"bd-post-image\">\n\t\t\t\t\t<a href=\"https:\/\/www.mlc-munich.de\/web\/wir-suchen-dich\/\"><img loading=\"lazy\" decoding=\"async\" width=\"864\" height=\"864\" src=\"https:\/\/www.mlc-munich.de\/web\/wp-content\/uploads\/2025\/09\/bmrf_andy_2025.jpeg\" class=\"attachment-full size-full wp-post-image\" alt=\"\" srcset=\"https:\/\/www.mlc-munich.de\/web\/wp-content\/uploads\/2025\/09\/bmrf_andy_2025.jpeg 864w, https:\/\/www.mlc-munich.de\/web\/wp-content\/uploads\/2025\/09\/bmrf_andy_2025-600x600.jpeg 600w, https:\/\/www.mlc-munich.de\/web\/wp-content\/uploads\/2025\/09\/bmrf_andy_2025-200x200.jpeg 200w, https:\/\/www.mlc-munich.de\/web\/wp-content\/uploads\/2025\/09\/bmrf_andy_2025-768x768.jpeg 768w\" sizes=\"auto, (max-width: 864px) 100vw, 864px\" \/><\/a>\n\t\t\t\t<\/div>\n\t\t\t\t\t\t\t<div class=\"post-content-div\">\n\t\t\t\t<div class=\"bd-blog-header\">\n\t\t\t\t\t\t\t\t\t\t\t<p class=\"bd_date_cover\"><span class=\"date\">12. September 2025<\/span><\/p><h2 class=\"title\"><a href=\"https:\/\/www.mlc-munich.de\/web\/wir-suchen-dich\/\"><span>Wir suchen DICH<\/span><\/a><\/h2>\n\t\t\t\t\t\t\t\t\t<\/div>\n\t\t\t\t<div class=\"bd-post-content\">\n\t\t\t\t\tBist du stolz auf deinen Fetisch? Tr\u00e4gst Leder oder Gear gern \u00f6ffentlich? Lebst du in Bayern und willst Teil der internationalen Sch\u00e4rpentr\u00e4ger-Community sein? Bewirb dich jetzt f\u00fcr die Bavarian Mr. Fetish Wahl 2026! Die Wahl findet beim MLC-Starkbierfest in M\u00fcnchen statt. Fragen? Schreib an Andreas, dem Bavarian Mr. Fetish 2025, oder an den MLC-Vorstand! Bewerbung bis 01.12.2025 an: vorstand@mlc-munich.de\t\t\t\t<\/div>\n\t\t\t\t\t\t\t\t<div class=\"bd-post-footer\">\n\t\t\t\t\t\t\t\t\t\t<a class=\"bd-more-tag\" href=\"https:\/\/www.mlc-munich.de\/web\/wir-suchen-dich\/\">Read More <\/a>\t\t\t\t<\/div><\/div><\/div>\n\t\t\t\t<div class=\"blog_template bdp_blog_template news \">\n\t\t\t\t\t\t\t<div class=\"bd-post-image\">\n\t\t\t\t\t<a href=\"https:\/\/www.mlc-munich.de\/web\/folsom-europe-2025\/\"><img loading=\"lazy\" decoding=\"async\" width=\"2560\" height=\"1435\" src=\"https:\/\/www.mlc-munich.de\/web\/wp-content\/uploads\/2025\/09\/folsom2025_video-scaled.jpeg\" class=\"attachment-full size-full wp-post-image\" alt=\"\" srcset=\"https:\/\/www.mlc-munich.de\/web\/wp-content\/uploads\/2025\/09\/folsom2025_video-scaled.jpeg 2560w, https:\/\/www.mlc-munich.de\/web\/wp-content\/uploads\/2025\/09\/folsom2025_video-600x336.jpeg 600w, https:\/\/www.mlc-munich.de\/web\/wp-content\/uploads\/2025\/09\/folsom2025_video-2000x1121.jpeg 2000w, https:\/\/www.mlc-munich.de\/web\/wp-content\/uploads\/2025\/09\/folsom2025_video-768x431.jpeg 768w, https:\/\/www.mlc-munich.de\/web\/wp-content\/uploads\/2025\/09\/folsom2025_video-1536x861.jpeg 1536w, https:\/\/www.mlc-munich.de\/web\/wp-content\/uploads\/2025\/09\/folsom2025_video-2048x1148.jpeg 2048w\" sizes=\"auto, (max-width: 2560px) 100vw, 2560px\" \/><\/a>\n\t\t\t\t<\/div>\n\t\t\t\t\t\t\t<div class=\"post-content-div\">\n\t\t\t\t<div class=\"bd-blog-header\">\n\t\t\t\t\t\t\t\t\t\t\t<p class=\"bd_date_cover\"><span class=\"date\">12. September 2025<\/span><\/p><h2 class=\"title\"><a href=\"https:\/\/www.mlc-munich.de\/web\/folsom-europe-2025\/\"><span>Folsom Europe 2025<\/span><\/a><\/h2>\n\t\t\t\t\t\t\t\t\t<\/div>\n\t\t\t\t<div class=\"bd-post-content\">\n\t\t\t\t\tFolsom Europe 2025 \u2013 was f\u00fcr ein Wochenende! Der MLC war mittendrin und hat die Vielfalt und Community in Berlin sichtbar gemacht. Danke an alle, die mit uns gefeiert und unsere Pr\u00e4senz unterst\u00fctzt haben \u2013 wir freuen uns schon aufs n\u00e4chste Jahr! https:\/\/www.mlc-munich.de\/web\/wp-content\/uploads\/2025\/09\/Folsom_2025.mp4\t\t\t\t<\/div>\n\t\t\t\t\t\t\t\t<div class=\"bd-post-footer\">\n\t\t\t\t\t\t\t\t\t\t<a class=\"bd-more-tag\" href=\"https:\/\/www.mlc-munich.de\/web\/folsom-europe-2025\/\">Read More <\/a>\t\t\t\t<\/div><\/div><\/div>\n\t\t\t\t<div class=\"blog_template bdp_blog_template news \">\n\t\t\t\t\t\t\t<div class=\"bd-post-image\">\n\t\t\t\t\t<a href=\"https:\/\/www.mlc-munich.de\/web\/100-partys-in-der-wintersaison-2025-2026\/\"><img loading=\"lazy\" decoding=\"async\" width=\"1080\" height=\"1920\" src=\"https:\/\/www.mlc-munich.de\/web\/wp-content\/uploads\/2025\/08\/100_prozent_partys_25.jpeg\" class=\"attachment-full size-full wp-post-image\" alt=\"\" srcset=\"https:\/\/www.mlc-munich.de\/web\/wp-content\/uploads\/2025\/08\/100_prozent_partys_25.jpeg 1080w, https:\/\/www.mlc-munich.de\/web\/wp-content\/uploads\/2025\/08\/100_prozent_partys_25-338x600.jpeg 338w, https:\/\/www.mlc-munich.de\/web\/wp-content\/uploads\/2025\/08\/100_prozent_partys_25-768x1365.jpeg 768w, https:\/\/www.mlc-munich.de\/web\/wp-content\/uploads\/2025\/08\/100_prozent_partys_25-864x1536.jpeg 864w\" sizes=\"auto, (max-width: 1080px) 100vw, 1080px\" \/><\/a>\n\t\t\t\t<\/div>\n\t\t\t\t\t\t\t<div class=\"post-content-div\">\n\t\t\t\t<div class=\"bd-blog-header\">\n\t\t\t\t\t\t\t\t\t\t\t<p class=\"bd_date_cover\"><span class=\"date\">7. August 2025<\/span><\/p><h2 class=\"title\"><a href=\"https:\/\/www.mlc-munich.de\/web\/100-partys-in-der-wintersaison-2025-2026\/\"><span>100%-Partys in der Wintersaison 2025\/2026<\/span><\/a><\/h2>\n\t\t\t\t\t\t\t\t\t<\/div>\n\t\t\t\t<div class=\"bd-post-content\">\n\t\t\t\t\tSAVE THE DATE Mach dich bereit f\u00fcr unvergessliche N\u00e4chte voller intensiver Fetisch-Action im UnderGround. Ab dem 8. November 2025 stehen bei unseren 100%-Partys in der Wintersaison (November bis April) jeden zweiten Samstag im Monat Gummi, Leder oder Hardcore-Full-Gear im Rampenlicht. Schnapp dir dein Lieblingsoutfit und tauche ein in die au\u00dfergew\u00f6hnliche Atmosph\u00e4re! Jeden zweiten Samstag ab 21 Uhr. UnderGround, Machtlfingerstr. 29, M\u00fcnchen. Strenger Dresscode: Gummi, Leder oder Full-Gear erforderlich.\t\t\t\t<\/div>\n\t\t\t\t\t\t\t\t<div class=\"bd-post-footer\">\n\t\t\t\t\t\t\t\t\t\t<a class=\"bd-more-tag\" href=\"https:\/\/www.mlc-munich.de\/web\/100-partys-in-der-wintersaison-2025-2026\/\">Read More <\/a>\t\t\t\t<\/div><\/div><\/div>\n\t\t\t\t<div class=\"blog_template bdp_blog_template news \">\n\t\t\t\t\t\t\t<div class=\"bd-post-image\">\n\t\t\t\t\t<a href=\"https:\/\/www.mlc-munich.de\/web\/mlc-grillfest-trotz-regen-top-stimmung\/\"><img loading=\"lazy\" decoding=\"async\" width=\"2000\" height=\"2000\" src=\"https:\/\/www.mlc-munich.de\/web\/wp-content\/uploads\/2025\/08\/grillfest_2025_01.jpg\" class=\"attachment-full size-full wp-post-image\" alt=\"\" srcset=\"https:\/\/www.mlc-munich.de\/web\/wp-content\/uploads\/2025\/08\/grillfest_2025_01.jpg 2000w, https:\/\/www.mlc-munich.de\/web\/wp-content\/uploads\/2025\/08\/grillfest_2025_01-600x600.jpg 600w, https:\/\/www.mlc-munich.de\/web\/wp-content\/uploads\/2025\/08\/grillfest_2025_01-200x200.jpg 200w, https:\/\/www.mlc-munich.de\/web\/wp-content\/uploads\/2025\/08\/grillfest_2025_01-768x768.jpg 768w, https:\/\/www.mlc-munich.de\/web\/wp-content\/uploads\/2025\/08\/grillfest_2025_01-1536x1536.jpg 1536w\" sizes=\"auto, (max-width: 2000px) 100vw, 2000px\" \/><\/a>\n\t\t\t\t<\/div>\n\t\t\t\t\t\t\t<div class=\"post-content-div\">\n\t\t\t\t<div class=\"bd-blog-header\">\n\t\t\t\t\t\t\t\t\t\t\t<p class=\"bd_date_cover\"><span class=\"date\">4. August 2025<\/span><\/p><h2 class=\"title\"><a href=\"https:\/\/www.mlc-munich.de\/web\/mlc-grillfest-trotz-regen-top-stimmung\/\"><span>MLC Grillfest: Trotz Regen top Stimmung!<\/span><\/a><\/h2>\n\t\t\t\t\t\t\t\t\t<\/div>\n\t\t\t\t<div class=\"bd-post-content\">\n\t\t\t\t\tTrotz regnerischem Wetter am 3. August 2025 rockte das MLC Grillfest in M\u00fcnchen! Die Stimmung war ausgelassen und fr\u00f6hlich \u2013 leckeres Essen, tolle Gemeinschaft und jede Menge Lachen. Ein super Tag, der beweist: Gute Laune braucht kein Sonnenschein!\t\t\t\t<\/div>\n\t\t\t\t\t\t\t\t<div class=\"bd-post-footer\">\n\t\t\t\t\t\t\t\t\t\t<a class=\"bd-more-tag\" href=\"https:\/\/www.mlc-munich.de\/web\/mlc-grillfest-trotz-regen-top-stimmung\/\">Read More <\/a>\t\t\t\t<\/div><\/div><\/div>\n\t\t\t\t<div class=\"blog_template bdp_blog_template news \">\n\t\t\t\t\t\t\t<div class=\"bd-post-image\">\n\t\t\t\t\t<a href=\"https:\/\/www.mlc-munich.de\/web\/mlc-starkbierfest-2026\/\"><img loading=\"lazy\" decoding=\"async\" width=\"1080\" height=\"1350\" src=\"https:\/\/www.mlc-munich.de\/web\/wp-content\/uploads\/2025\/08\/image2.jpeg\" class=\"attachment-full size-full wp-post-image\" alt=\"\" srcset=\"https:\/\/www.mlc-munich.de\/web\/wp-content\/uploads\/2025\/08\/image2.jpeg 1080w, https:\/\/www.mlc-munich.de\/web\/wp-content\/uploads\/2025\/08\/image2-480x600.jpeg 480w, https:\/\/www.mlc-munich.de\/web\/wp-content\/uploads\/2025\/08\/image2-768x960.jpeg 768w\" sizes=\"auto, (max-width: 1080px) 100vw, 1080px\" \/><\/a>\n\t\t\t\t<\/div>\n\t\t\t\t\t\t\t<div class=\"post-content-div\">\n\t\t\t\t<div class=\"bd-blog-header\">\n\t\t\t\t\t\t\t\t\t\t\t<p class=\"bd_date_cover\"><span class=\"date\">4. August 2025<\/span><\/p><h2 class=\"title\"><a href=\"https:\/\/www.mlc-munich.de\/web\/mlc-starkbierfest-2026\/\"><span>MLC-Starkbierfest 2026<\/span><\/a><\/h2>\n\t\t\t\t\t\t\t\t\t<\/div>\n\t\t\t\t<div class=\"bd-post-content\">\n\t\t\t\t\tSAVE THE DATE! MLC-Starkbierfest 2026 Do, 26. bis So, 29. M\u00e4rz Feiere mit uns beim legend\u00e4ren Starkbierfest! H\u00f6hepunkte: Wahl des Bavarian Mr. Fetish GaySunday\u00ae &nbsp; Du hast Style, Pr\u00e4senz und Lust, dich der Community zu zeigen? \u00a0 Jetzt als Kandidat bewerben! Einfach per E-Mail an: vorstand@mlc-munich.de Wir freuen uns auf euch!\t\t\t\t<\/div>\n\t\t\t\t\t\t\t\t<div class=\"bd-post-footer\">\n\t\t\t\t\t\t\t\t\t\t<a class=\"bd-more-tag\" href=\"https:\/\/www.mlc-munich.de\/web\/mlc-starkbierfest-2026\/\">Read More <\/a>\t\t\t\t<\/div><\/div><\/div>\n\t\t\t\t<div class=\"blog_template bdp_blog_template news \">\n\t\t\t\t\t\t\t<div class=\"bd-post-image\">\n\t\t\t\t\t<a href=\"https:\/\/www.mlc-munich.de\/web\/was-fuer-ein-unvergessliches-wochenende\/\"><img loading=\"lazy\" decoding=\"async\" width=\"2048\" height=\"1522\" src=\"https:\/\/www.mlc-munich.de\/web\/wp-content\/uploads\/2025\/07\/MLC-CSD-Weekend.jpg\" class=\"attachment-full size-full wp-post-image\" alt=\"\" srcset=\"https:\/\/www.mlc-munich.de\/web\/wp-content\/uploads\/2025\/07\/MLC-CSD-Weekend.jpg 2048w, https:\/\/www.mlc-munich.de\/web\/wp-content\/uploads\/2025\/07\/MLC-CSD-Weekend-600x446.jpg 600w, https:\/\/www.mlc-munich.de\/web\/wp-content\/uploads\/2025\/07\/MLC-CSD-Weekend-2000x1486.jpg 2000w, https:\/\/www.mlc-munich.de\/web\/wp-content\/uploads\/2025\/07\/MLC-CSD-Weekend-768x571.jpg 768w, https:\/\/www.mlc-munich.de\/web\/wp-content\/uploads\/2025\/07\/MLC-CSD-Weekend-1536x1142.jpg 1536w\" sizes=\"auto, (max-width: 2048px) 100vw, 2048px\" \/><\/a>\n\t\t\t\t<\/div>\n\t\t\t\t\t\t\t<div class=\"post-content-div\">\n\t\t\t\t<div class=\"bd-blog-header\">\n\t\t\t\t\t\t\t\t\t\t\t<p class=\"bd_date_cover\"><span class=\"date\">4. Juli 2025<\/span><\/p><h2 class=\"title\"><a href=\"https:\/\/www.mlc-munich.de\/web\/was-fuer-ein-unvergessliches-wochenende\/\"><span>Was f\u00fcr ein unvergessliches Wochenende!<\/span><\/a><\/h2>\n\t\t\t\t\t\t\t\t\t<\/div>\n\t\t\t\t<div class=\"bd-post-content\">\n\t\t\t\t\tEin riesiges DANKE an alle Helfer die mit monatelanger Vorbereitung, unerm\u00fcdlichem Einsatz und viel Herzblut dieses MLC-CSD-Weekend m\u00f6glich gemacht haben. \u00dcber 50 Helfende, dutzende Akteur*innen und G\u00e4ste haben die Fetish-Area zum Leben erweckt \u2013 ihr seid einfach gro\u00dfartig! Unser besonderer Dank gilt auch dem CSD M\u00fcnchen, der sich nun schon zum zweiten Mal proaktiv f\u00fcr die Beteiligung der Fetisch-Community stark macht und damit bundesweit ein Vorbild ist. Danke f\u00fcr euren Mut, eure Offenheit und euer Engagement! Gemeinsam sind wir sichtbar,\t\t\t\t<\/div>\n\t\t\t\t\t\t\t\t<div class=\"bd-post-footer\">\n\t\t\t\t\t\t\t\t\t\t<a class=\"bd-more-tag\" href=\"https:\/\/www.mlc-munich.de\/web\/was-fuer-ein-unvergessliches-wochenende\/\">Read More <\/a>\t\t\t\t<\/div><\/div><\/div>\n\t\t\t\t<div class=\"blog_template bdp_blog_template news \">\n\t\t\t\t\t\t\t<div class=\"bd-post-image\">\n\t\t\t\t\t<a href=\"https:\/\/www.mlc-munich.de\/web\/leather-odyssey-des-frankfurter-leder-clubs\/\"><img loading=\"lazy\" decoding=\"async\" width=\"1903\" height=\"2378\" src=\"https:\/\/www.mlc-munich.de\/web\/wp-content\/uploads\/2025\/06\/Leather-Odyssey_03.jpeg\" class=\"attachment-full size-full wp-post-image\" alt=\"\" srcset=\"https:\/\/www.mlc-munich.de\/web\/wp-content\/uploads\/2025\/06\/Leather-Odyssey_03.jpeg 1903w, https:\/\/www.mlc-munich.de\/web\/wp-content\/uploads\/2025\/06\/Leather-Odyssey_03-480x600.jpeg 480w, https:\/\/www.mlc-munich.de\/web\/wp-content\/uploads\/2025\/06\/Leather-Odyssey_03-1601x2000.jpeg 1601w, https:\/\/www.mlc-munich.de\/web\/wp-content\/uploads\/2025\/06\/Leather-Odyssey_03-768x960.jpeg 768w, https:\/\/www.mlc-munich.de\/web\/wp-content\/uploads\/2025\/06\/Leather-Odyssey_03-1229x1536.jpeg 1229w, https:\/\/www.mlc-munich.de\/web\/wp-content\/uploads\/2025\/06\/Leather-Odyssey_03-1639x2048.jpeg 1639w\" sizes=\"auto, (max-width: 1903px) 100vw, 1903px\" \/><\/a>\n\t\t\t\t<\/div>\n\t\t\t\t\t\t\t<div class=\"post-content-div\">\n\t\t\t\t<div class=\"bd-blog-header\">\n\t\t\t\t\t\t\t\t\t\t\t<p class=\"bd_date_cover\"><span class=\"date\">18. Juni 2025<\/span><\/p><h2 class=\"title\"><a href=\"https:\/\/www.mlc-munich.de\/web\/leather-odyssey-des-frankfurter-leder-clubs\/\"><span>Leather Odyssey des Frankfurter Leder Clubs<\/span><\/a><\/h2>\n\t\t\t\t\t\t\t\t\t<\/div>\n\t\t\t\t<div class=\"bd-post-content\">\n\t\t\t\t\tmit der Wahl des vom 13. bis 15. Juni Der MLC gratuliert herzlich J\u00f6rg, dem Mr. Fetish Hessen 2025! Im Rahmen der Leather Odyssey des Frankfurter Leder Clubs haben der FLC e. V. und der M\u00fcnchner L\u00f6wen Club e. V. ihre Vereinsfahnen getauscht. Beide Vereine verbindet seit Jahrzehnten ihr Engagement f\u00fcr eine offene und selbstbewusste Fetischkultur. Sowohl der FLC als auch der MLC bieten Raum und Gelegenheit, Fetisch sichtbar und erlebbar zu machen. Der Fahnentausch unterstreicht, dass unsere Vereine nicht\t\t\t\t<\/div>\n\t\t\t\t\t\t\t\t<div class=\"bd-post-footer\">\n\t\t\t\t\t\t\t\t\t\t<a class=\"bd-more-tag\" href=\"https:\/\/www.mlc-munich.de\/web\/leather-odyssey-des-frankfurter-leder-clubs\/\">Read More <\/a>\t\t\t\t<\/div><\/div><\/div>\n\t\t\t\t<div class=\"blog_template bdp_blog_template news \">\n\t\t\t\t\t\t\t<div class=\"bd-post-image\">\n\t\t\t\t\t<a href=\"https:\/\/www.mlc-munich.de\/web\/mr-fetish-austria-2025\/\"><img loading=\"lazy\" decoding=\"async\" width=\"2560\" height=\"2560\" src=\"https:\/\/www.mlc-munich.de\/web\/wp-content\/uploads\/2025\/06\/LMC_2025_02-scaled.jpeg\" class=\"attachment-full size-full wp-post-image\" alt=\"\" srcset=\"https:\/\/www.mlc-munich.de\/web\/wp-content\/uploads\/2025\/06\/LMC_2025_02-scaled.jpeg 2560w, https:\/\/www.mlc-munich.de\/web\/wp-content\/uploads\/2025\/06\/LMC_2025_02-600x600.jpeg 600w, https:\/\/www.mlc-munich.de\/web\/wp-content\/uploads\/2025\/06\/LMC_2025_02-2000x2000.jpeg 2000w, https:\/\/www.mlc-munich.de\/web\/wp-content\/uploads\/2025\/06\/LMC_2025_02-200x200.jpeg 200w, https:\/\/www.mlc-munich.de\/web\/wp-content\/uploads\/2025\/06\/LMC_2025_02-768x768.jpeg 768w, https:\/\/www.mlc-munich.de\/web\/wp-content\/uploads\/2025\/06\/LMC_2025_02-1536x1536.jpeg 1536w, https:\/\/www.mlc-munich.de\/web\/wp-content\/uploads\/2025\/06\/LMC_2025_02-2048x2048.jpeg 2048w\" sizes=\"auto, (max-width: 2560px) 100vw, 2560px\" \/><\/a>\n\t\t\t\t<\/div>\n\t\t\t\t\t\t\t<div class=\"post-content-div\">\n\t\t\t\t<div class=\"bd-blog-header\">\n\t\t\t\t\t\t\t\t\t\t\t<p class=\"bd_date_cover\"><span class=\"date\">6. Juni 2025<\/span><\/p><h2 class=\"title\"><a href=\"https:\/\/www.mlc-munich.de\/web\/mr-fetish-austria-2025\/\"><span>Mr. Fetish Austria 2025<\/span><\/a><\/h2>\n\t\t\t\t\t\t\t\t\t<\/div>\n\t\t\t\t<div class=\"bd-post-content\">\n\t\t\t\t\tVom 28. Mai bis 01. Juni fand der LMC Vienna Fetish Spring mit der Wahl des Mr. Fetish Austria statt. Der Bavarian Mr. Fetish hat, neben einigen anderen MLC Mitgliedern, an dem Event teilgenommen. Mit auf dem Programm stand der Besuch des CSD Mistelbach, die Wahl des Mr. Fetish Austria und der Fahnentausch zwischen LMC Vienna und MLC M\u00fcnchen. Wir sagen Herzlichen Gl\u00fcckwunsch an Andreas, Mr. Fetish Austria 2025! Fahnentausch zwischen LMC Vienna und MLC M\u00fcnchen: f\u00fcr Toleranz und Solidarit\u00e4t.\t\t\t\t<\/div>\n\t\t\t\t\t\t\t\t<div class=\"bd-post-footer\">\n\t\t\t\t\t\t\t\t\t\t<a class=\"bd-more-tag\" href=\"https:\/\/www.mlc-munich.de\/web\/mr-fetish-austria-2025\/\">Read More <\/a>\t\t\t\t<\/div><\/div><\/div>\n\t\t\t\t<div class=\"blog_template bdp_blog_template news \">\n\t\t\t\t\t\t\t<div class=\"bd-post-image\">\n\t\t\t\t\t<a href=\"https:\/\/www.mlc-munich.de\/web\/mister-international-leather-2025\/\"><img loading=\"lazy\" decoding=\"async\" width=\"1638\" height=\"2048\" src=\"https:\/\/www.mlc-munich.de\/web\/wp-content\/uploads\/2025\/05\/Mister-international-Leather-2025.jpeg\" class=\"attachment-full size-full wp-post-image\" alt=\"\" srcset=\"https:\/\/www.mlc-munich.de\/web\/wp-content\/uploads\/2025\/05\/Mister-international-Leather-2025.jpeg 1638w, https:\/\/www.mlc-munich.de\/web\/wp-content\/uploads\/2025\/05\/Mister-international-Leather-2025-480x600.jpeg 480w, https:\/\/www.mlc-munich.de\/web\/wp-content\/uploads\/2025\/05\/Mister-international-Leather-2025-1600x2000.jpeg 1600w, https:\/\/www.mlc-munich.de\/web\/wp-content\/uploads\/2025\/05\/Mister-international-Leather-2025-768x960.jpeg 768w, https:\/\/www.mlc-munich.de\/web\/wp-content\/uploads\/2025\/05\/Mister-international-Leather-2025-1229x1536.jpeg 1229w\" sizes=\"auto, (max-width: 1638px) 100vw, 1638px\" \/><\/a>\n\t\t\t\t<\/div>\n\t\t\t\t\t\t\t<div class=\"post-content-div\">\n\t\t\t\t<div class=\"bd-blog-header\">\n\t\t\t\t\t\t\t\t\t\t\t<p class=\"bd_date_cover\"><span class=\"date\">27. Mai 2025<\/span><\/p><h2 class=\"title\"><a href=\"https:\/\/www.mlc-munich.de\/web\/mister-international-leather-2025\/\"><span>Mister international Leather 2025<\/span><\/a><\/h2>\n\t\t\t\t\t\t\t\t\t<\/div>\n\t\t\t\t<div class=\"bd-post-content\">\n\t\t\t\t\tHerzlichen Gl\u00fcckwunsch an Rene, Mister international Leather 2025, an Zephyr den 1st runner up und an Michael 2nd runner up.\t\t\t\t<\/div>\n\t\t\t\t\t\t\t\t<div class=\"bd-post-footer\">\n\t\t\t\t\t\t\t\t\t\t<a class=\"bd-more-tag\" href=\"https:\/\/www.mlc-munich.de\/web\/mister-international-leather-2025\/\">Read More <\/a>\t\t\t\t<\/div><\/div><\/div>\n\t\t\t\t<div class=\"blog_template bdp_blog_template news \">\n\t\t\t\t\t\t\t<div class=\"bd-post-image\">\n\t\t\t\t\t<a href=\"https:\/\/www.mlc-munich.de\/web\/idahobit\/\"><img loading=\"lazy\" decoding=\"async\" width=\"604\" height=\"804\" src=\"https:\/\/www.mlc-munich.de\/web\/wp-content\/uploads\/2025\/05\/IDAHOBIT2025.jpeg\" class=\"attachment-full size-full wp-post-image\" alt=\"\" srcset=\"https:\/\/www.mlc-munich.de\/web\/wp-content\/uploads\/2025\/05\/IDAHOBIT2025.jpeg 604w, https:\/\/www.mlc-munich.de\/web\/wp-content\/uploads\/2025\/05\/IDAHOBIT2025-451x600.jpeg 451w\" sizes=\"auto, (max-width: 604px) 100vw, 604px\" \/><\/a>\n\t\t\t\t<\/div>\n\t\t\t\t\t\t\t<div class=\"post-content-div\">\n\t\t\t\t<div class=\"bd-blog-header\">\n\t\t\t\t\t\t\t\t\t\t\t<p class=\"bd_date_cover\"><span class=\"date\">19. Mai 2025<\/span><\/p><h2 class=\"title\"><a href=\"https:\/\/www.mlc-munich.de\/web\/idahobit\/\"><span>IDAHOBIT<\/span><\/a><\/h2>\n\t\t\t\t\t\t\t\t\t<\/div>\n\t\t\t\t<div class=\"bd-post-content\">\n\t\t\t\t\tAls M\u00fcnchner L\u00f6wen Club stehen wir am IDAHOBIT solidarisch an der Seite aller queeren Menschen. Vielfalt, Respekt und Akzeptanz sind f\u00fcr uns nicht verhandelbar. Gerade jetzt, wo queere Menschen wieder h\u00e4ufiger Anfeindungen erleben, setzen wir ein klares Zeichen gegen Diskriminierung und Ausgrenzung. Wir k\u00e4mpfen f\u00fcr eine Gesellschaft, in der jeder Mensch frei, sicher und selbstbestimmt leben kann \u2013 ohne Angst und Vorurteile.\t\t\t\t<\/div>\n\t\t\t\t\t\t\t\t<div class=\"bd-post-footer\">\n\t\t\t\t\t\t\t\t\t\t<a class=\"bd-more-tag\" href=\"https:\/\/www.mlc-munich.de\/web\/idahobit\/\">Read More <\/a>\t\t\t\t<\/div><\/div><\/div>\n\t\t\t\t<div class=\"blog_template bdp_blog_template news \">\n\t\t\t\t\t\t\t<div class=\"bd-post-image\">\n\t\t\t\t\t<a href=\"https:\/\/www.mlc-munich.de\/web\/herzlichen-glueckwunsch-an-jay-keno-den-mister-fetish-baden-wuerttemberg-2025-2026\/\"><img loading=\"lazy\" decoding=\"async\" width=\"1920\" height=\"2560\" src=\"https:\/\/www.mlc-munich.de\/web\/wp-content\/uploads\/2025\/05\/IMG_3609-scaled.jpg\" class=\"attachment-full size-full wp-post-image\" alt=\"\" srcset=\"https:\/\/www.mlc-munich.de\/web\/wp-content\/uploads\/2025\/05\/IMG_3609-scaled.jpg 1920w, https:\/\/www.mlc-munich.de\/web\/wp-content\/uploads\/2025\/05\/IMG_3609-450x600.jpg 450w, https:\/\/www.mlc-munich.de\/web\/wp-content\/uploads\/2025\/05\/IMG_3609-1500x2000.jpg 1500w, https:\/\/www.mlc-munich.de\/web\/wp-content\/uploads\/2025\/05\/IMG_3609-768x1024.jpg 768w, https:\/\/www.mlc-munich.de\/web\/wp-content\/uploads\/2025\/05\/IMG_3609-1152x1536.jpg 1152w, https:\/\/www.mlc-munich.de\/web\/wp-content\/uploads\/2025\/05\/IMG_3609-1536x2048.jpg 1536w\" sizes=\"auto, (max-width: 1920px) 100vw, 1920px\" \/><\/a>\n\t\t\t\t<\/div>\n\t\t\t\t\t\t\t<div class=\"post-content-div\">\n\t\t\t\t<div class=\"bd-blog-header\">\n\t\t\t\t\t\t\t\t\t\t\t<p class=\"bd_date_cover\"><span class=\"date\">5. Mai 2025<\/span><\/p><h2 class=\"title\"><a href=\"https:\/\/www.mlc-munich.de\/web\/herzlichen-glueckwunsch-an-jay-keno-den-mister-fetish-baden-wuerttemberg-2025-2026\/\"><span>Herzlichen Gl\u00fcckwunsch an Jay \/ Keno den Mister Fetish Baden-W\u00fcrttemberg 2025\/2026<\/span><\/a><\/h2>\n\t\t\t\t\t\t\t\t\t<\/div>\n\t\t\t\t<div class=\"bd-post-content\">\n\t\t\t\t\t\t\t\t\t<\/div>\n\t\t\t\t\t\t\t\t<div class=\"bd-post-footer\">\n\t\t\t\t\t\t\t\t\t\t<a class=\"bd-more-tag\" href=\"https:\/\/www.mlc-munich.de\/web\/herzlichen-glueckwunsch-an-jay-keno-den-mister-fetish-baden-wuerttemberg-2025-2026\/\">Read More <\/a>\t\t\t\t<\/div><\/div><\/div>\n\t\t\t\t<div class=\"blog_template bdp_blog_template news \">\n\t\t\t\t\t\t\t<div class=\"bd-post-image\">\n\t\t\t\t\t<a href=\"https:\/\/www.mlc-munich.de\/web\/andy-zum-ersten-bavarian-mister-fetish-2025-gewaehlt\/\"><img loading=\"lazy\" decoding=\"async\" width=\"1023\" height=\"1023\" src=\"https:\/\/www.mlc-munich.de\/web\/wp-content\/uploads\/2025\/03\/bmrf_2025_wahlabend_sieger_andy.jpeg\" class=\"attachment-full size-full wp-post-image\" alt=\"\" srcset=\"https:\/\/www.mlc-munich.de\/web\/wp-content\/uploads\/2025\/03\/bmrf_2025_wahlabend_sieger_andy.jpeg 1023w, https:\/\/www.mlc-munich.de\/web\/wp-content\/uploads\/2025\/03\/bmrf_2025_wahlabend_sieger_andy-600x600.jpeg 600w, https:\/\/www.mlc-munich.de\/web\/wp-content\/uploads\/2025\/03\/bmrf_2025_wahlabend_sieger_andy-200x200.jpeg 200w, https:\/\/www.mlc-munich.de\/web\/wp-content\/uploads\/2025\/03\/bmrf_2025_wahlabend_sieger_andy-768x768.jpeg 768w\" sizes=\"auto, (max-width: 1023px) 100vw, 1023px\" \/><\/a>\n\t\t\t\t<\/div>\n\t\t\t\t\t\t\t<div class=\"post-content-div\">\n\t\t\t\t<div class=\"bd-blog-header\">\n\t\t\t\t\t\t\t\t\t\t\t<p class=\"bd_date_cover\"><span class=\"date\">26. M\u00e4rz 2025<\/span><\/p><h2 class=\"title\"><a href=\"https:\/\/www.mlc-munich.de\/web\/andy-zum-ersten-bavarian-mister-fetish-2025-gewaehlt\/\"><span>Andy zum ersten Bavarian Mister Fetish 2025 gew\u00e4hlt!<\/span><\/a><\/h2>\n\t\t\t\t\t\t\t\t\t<\/div>\n\t\t\t\t<div class=\"bd-post-content\">\n\t\t\t\t\tMit gro\u00dfer Freude teilen wir mit, dass Andy am Samstag, 22. M\u00e4rz 2025, zum ersten Bavarian Mister Fetish 2025 gew\u00e4hlt wurde. Nach der Umbenennung des bisherigen Titels &#8222;Bavarian Mister Leather&#8220; in &#8222;Bavarian Mister Fetish&#8220; ist Andy der erste Titeltr\u00e4ger dieser neuen \u00c4ra. Ende 2024 haben die MLC-Mitglieder \u00fcber die Namens\u00e4nderung des Titels abgestimmt, um die gesamte Spannbreite der bayerischen Fetisch-Szene besser zu repr\u00e4sentieren. Andy \u00fcberzeugte in insgesamt vier Wahlg\u00e4ngen, in denen er darlegte, warum er der ideale Kandidat f\u00fcr diesen\t\t\t\t<\/div>\n\t\t\t\t\t\t\t\t<div class=\"bd-post-footer\">\n\t\t\t\t\t\t\t\t\t\t<a class=\"bd-more-tag\" href=\"https:\/\/www.mlc-munich.de\/web\/andy-zum-ersten-bavarian-mister-fetish-2025-gewaehlt\/\">Read More <\/a>\t\t\t\t<\/div><\/div><\/div>\n\t\t\t\t<div class=\"blog_template bdp_blog_template news \">\n\t\t\t\t\t\t\t<div class=\"bd-post-image\">\n\t\t\t\t\t<a href=\"https:\/\/www.mlc-munich.de\/web\/arosa-gay-ski-week\/\"><img loading=\"lazy\" decoding=\"async\" width=\"960\" height=\"1280\" src=\"https:\/\/www.mlc-munich.de\/web\/wp-content\/uploads\/2025\/01\/image2.jpeg\" class=\"attachment-full size-full wp-post-image\" alt=\"\" srcset=\"https:\/\/www.mlc-munich.de\/web\/wp-content\/uploads\/2025\/01\/image2.jpeg 960w, https:\/\/www.mlc-munich.de\/web\/wp-content\/uploads\/2025\/01\/image2-450x600.jpeg 450w, https:\/\/www.mlc-munich.de\/web\/wp-content\/uploads\/2025\/01\/image2-768x1024.jpeg 768w\" sizes=\"auto, (max-width: 960px) 100vw, 960px\" \/><\/a>\n\t\t\t\t<\/div>\n\t\t\t\t\t\t\t<div class=\"post-content-div\">\n\t\t\t\t<div class=\"bd-blog-header\">\n\t\t\t\t\t\t\t\t\t\t\t<p class=\"bd_date_cover\"><span class=\"date\">31. Januar 2025<\/span><\/p><h2 class=\"title\"><a href=\"https:\/\/www.mlc-munich.de\/web\/arosa-gay-ski-week\/\"><span>Arosa Gay ski week<\/span><\/a><\/h2>\n\t\t\t\t\t\t\t\t\t<\/div>\n\t\t\t\t<div class=\"bd-post-content\">\n\t\t\t\t\tArosa Gay ski week &#8211; fulminanter Abschluss am Drag-Qeen\/King-Race. Gemeinsam mit Partnern aus der Community unterst\u00fctzt der MLC die arosagayskiweek und dr\u00fcckt den Teilnehmenden die Daumen\t\t\t\t<\/div>\n\t\t\t\t\t\t\t\t<div class=\"bd-post-footer\">\n\t\t\t\t\t\t\t\t\t\t<a class=\"bd-more-tag\" href=\"https:\/\/www.mlc-munich.de\/web\/arosa-gay-ski-week\/\">Read More <\/a>\t\t\t\t<\/div><\/div><\/div>\n\t\t\t\t<div class=\"blog_template bdp_blog_template news \">\n\t\t\t\t\t\t\t<div class=\"bd-post-image\">\n\t\t\t\t\t<a href=\"https:\/\/www.mlc-munich.de\/web\/lcnw-kohlkoenig-2025\/\"><img loading=\"lazy\" decoding=\"async\" width=\"1024\" height=\"1280\" src=\"https:\/\/www.mlc-munich.de\/web\/wp-content\/uploads\/2025\/01\/image0.jpeg\" class=\"attachment-full size-full wp-post-image\" alt=\"\" srcset=\"https:\/\/www.mlc-munich.de\/web\/wp-content\/uploads\/2025\/01\/image0.jpeg 1024w, https:\/\/www.mlc-munich.de\/web\/wp-content\/uploads\/2025\/01\/image0-480x600.jpeg 480w, https:\/\/www.mlc-munich.de\/web\/wp-content\/uploads\/2025\/01\/image0-768x960.jpeg 768w\" sizes=\"auto, (max-width: 1024px) 100vw, 1024px\" \/><\/a>\n\t\t\t\t<\/div>\n\t\t\t\t\t\t\t<div class=\"post-content-div\">\n\t\t\t\t<div class=\"bd-blog-header\">\n\t\t\t\t\t\t\t\t\t\t\t<p class=\"bd_date_cover\"><span class=\"date\">31. Januar 2025<\/span><\/p><h2 class=\"title\"><a href=\"https:\/\/www.mlc-munich.de\/web\/lcnw-kohlkoenig-2025\/\"><span>LCNW Kohlk\u00f6nig 2025<\/span><\/a><\/h2>\n\t\t\t\t\t\t\t\t\t<\/div>\n\t\t\t\t<div class=\"bd-post-content\">\n\t\t\t\t\tHerzlichen Gl\u00fcckwunsch an Julian (vom LC Stuttgart) zum LCNW Kohlk\u00f6nig 2025. Der MLC w\u00fcnscht eine spannende Amtszeit!\t\t\t\t<\/div>\n\t\t\t\t\t\t\t\t<div class=\"bd-post-footer\">\n\t\t\t\t\t\t\t\t\t\t<a class=\"bd-more-tag\" href=\"https:\/\/www.mlc-munich.de\/web\/lcnw-kohlkoenig-2025\/\">Read More <\/a>\t\t\t\t<\/div><\/div><\/div>\n\t\t\t\t<div class=\"blog_template bdp_blog_template news \">\n\t\t\t\t\t\t\t<div class=\"bd-post-image\">\n\t\t\t\t\t<a href=\"https:\/\/www.mlc-munich.de\/web\/mr-ilbs-2025\/\"><img loading=\"lazy\" decoding=\"async\" width=\"1024\" height=\"1280\" src=\"https:\/\/www.mlc-munich.de\/web\/wp-content\/uploads\/2025\/01\/image3.jpeg\" class=\"attachment-full size-full wp-post-image\" alt=\"\" srcset=\"https:\/\/www.mlc-munich.de\/web\/wp-content\/uploads\/2025\/01\/image3.jpeg 1024w, https:\/\/www.mlc-munich.de\/web\/wp-content\/uploads\/2025\/01\/image3-480x600.jpeg 480w, https:\/\/www.mlc-munich.de\/web\/wp-content\/uploads\/2025\/01\/image3-768x960.jpeg 768w\" sizes=\"auto, (max-width: 1024px) 100vw, 1024px\" \/><\/a>\n\t\t\t\t<\/div>\n\t\t\t\t\t\t\t<div class=\"post-content-div\">\n\t\t\t\t<div class=\"bd-blog-header\">\n\t\t\t\t\t\t\t\t\t\t\t<p class=\"bd_date_cover\"><span class=\"date\">31. Januar 2025<\/span><\/p><h2 class=\"title\"><a href=\"https:\/\/www.mlc-munich.de\/web\/mr-ilbs-2025\/\"><span>Mr. ILBS 2025<\/span><\/a><\/h2>\n\t\t\t\t\t\t\t\t\t<\/div>\n\t\t\t\t<div class=\"bd-post-content\">\n\t\t\t\t\tDer MLC war vom 16. bis 19. Januar mit einer delegation bei seinem Partnerclub ILBS. An dem Wochenende wurde Pedro zum Mr. ILBS 2025 gew\u00e4hlt. Der MLC w\u00fcnscht eine spannende Amtszeit.\t\t\t\t<\/div>\n\t\t\t\t\t\t\t\t<div class=\"bd-post-footer\">\n\t\t\t\t\t\t\t\t\t\t<a class=\"bd-more-tag\" href=\"https:\/\/www.mlc-munich.de\/web\/mr-ilbs-2025\/\">Read More <\/a>\t\t\t\t<\/div><\/div><\/div>\n\t\t<div class=\"wl_pagination_box bd_pagination_box  news\"><nav class=\"navigation paging-navigation\" role=\"navigation\"><ul class='page-numbers'>\n\t<li><span aria-current=\"page\" class=\"page-numbers current\">1<\/span><\/li>\n\t<li><a class=\"page-numbers\" href=\"https:\/\/www.mlc-munich.de\/web\/wp-json\/wp\/v2\/pages\/3253\/page\/2\/\">2<\/a><\/li>\n\t<li><a class=\"page-numbers\" href=\"https:\/\/www.mlc-munich.de\/web\/wp-json\/wp\/v2\/pages\/3253\/page\/3\/\">3<\/a><\/li>\n\t<li><a class=\"next page-numbers\" href=\"https:\/\/www.mlc-munich.de\/web\/wp-json\/wp\/v2\/pages\/3253\/page\/2\/\">Next &rarr;<\/a><\/li>\n<\/ul>\n<\/nav><\/div><\/div><\/b><\/p>\n<\/div>\n<\/div><\/div><\/div><\/div><\/div>","protected":false},"excerpt":{"rendered":"<p>mostly only in german<\/p>\n","protected":false},"author":2,"featured_media":0,"parent":0,"menu_order":0,"comment_status":"closed","ping_status":"closed","template":"","meta":{"footnotes":""},"class_list":["post-3253","page","type-page","status-publish","hentry","post"],"translation":{"provider":"WPGlobus","version":"3.0.2","language":"de","enabled_languages":["de","en"],"languages":{"de":{"title":true,"content":true,"excerpt":false},"en":{"title":false,"content":false,"excerpt":false}}},"yoast_head":"<!-- This site is optimized with the Yoast SEO plugin v27.4 - https:\/\/yoast.com\/product\/yoast-seo-wordpress\/ -->\n<title>Blog-News - MLC M\u00fcnchner L\u00f6wen Club e.V.<\/title>\n<meta name=\"robots\" content=\"index, follow, max-snippet:-1, max-image-preview:large, max-video-preview:-1\" \/>\n<link rel=\"canonical\" href=\"https:\/\/www.mlc-munich.de\/web\/blog-news\/\" \/>\n<meta property=\"og:locale\" content=\"de_DE\" \/>\n<meta property=\"og:type\" content=\"article\" \/>\n<meta property=\"og:title\" content=\"Blog-News - MLC M\u00fcnchner L\u00f6wen Club e.V.\" \/>\n<meta property=\"og:url\" content=\"https:\/\/www.mlc-munich.de\/web\/blog-news\/\" \/>\n<meta property=\"og:site_name\" content=\"MLC M\u00fcnchner L\u00f6wen Club e.V.\" \/>\n<meta property=\"article:modified_time\" content=\"2022-10-05T12:44:27+00:00\" \/>\n<meta property=\"og:image\" content=\"https:\/\/www.mlc-munich.de\/web\/wp-content\/uploads\/2019\/03\/cropped-logo_mlc_munich.jpg\" \/>\n\t<meta property=\"og:image:width\" content=\"512\" \/>\n\t<meta property=\"og:image:height\" content=\"512\" \/>\n\t<meta property=\"og:image:type\" content=\"image\/jpeg\" \/>\n<meta name=\"twitter:card\" content=\"summary_large_image\" \/>\n<meta name=\"twitter:label1\" content=\"Gesch\u00e4tzte Lesezeit\" \/>\n\t<meta name=\"twitter:data1\" content=\"1\u00a0Minute\" \/>\n<script type=\"application\/ld+json\" class=\"yoast-schema-graph\">{\"@context\":\"https:\\\/\\\/schema.org\",\"@graph\":[{\"@type\":\"WebPage\",\"@id\":\"https:\\\/\\\/www.mlc-munich.de\\\/web\\\/blog-news\\\/\",\"url\":\"https:\\\/\\\/www.mlc-munich.de\\\/web\\\/blog-news\\\/\",\"name\":\"Blog-News - MLC M\u00fcnchner L\u00f6wen Club e.V.\",\"isPartOf\":{\"@id\":\"https:\\\/\\\/www.mlc-munich.de\\\/web\\\/#website\"},\"datePublished\":\"2021-09-17T12:52:28+00:00\",\"dateModified\":\"2022-10-05T12:44:27+00:00\",\"breadcrumb\":{\"@id\":\"https:\\\/\\\/www.mlc-munich.de\\\/web\\\/blog-news\\\/#breadcrumb\"},\"inLanguage\":\"de\",\"potentialAction\":[{\"@type\":\"ReadAction\",\"target\":[\"https:\\\/\\\/www.mlc-munich.de\\\/web\\\/blog-news\\\/\"]}]},{\"@type\":\"BreadcrumbList\",\"@id\":\"https:\\\/\\\/www.mlc-munich.de\\\/web\\\/blog-news\\\/#breadcrumb\",\"itemListElement\":[{\"@type\":\"ListItem\",\"position\":1,\"name\":\"Startseite\",\"item\":\"https:\\\/\\\/www.mlc-munich.de\\\/web\\\/\"},{\"@type\":\"ListItem\",\"position\":2,\"name\":\"Blog-News\"}]},{\"@type\":\"WebSite\",\"@id\":\"https:\\\/\\\/www.mlc-munich.de\\\/web\\\/#website\",\"url\":\"https:\\\/\\\/www.mlc-munich.de\\\/web\\\/\",\"name\":\"MLC M\u00fcnchner L\u00f6wen Club e.V.\",\"description\":\"MLC M\u00fcnchner L\u00f6wen Club e.V.\",\"publisher\":{\"@id\":\"https:\\\/\\\/www.mlc-munich.de\\\/web\\\/#organization\"},\"potentialAction\":[{\"@type\":\"SearchAction\",\"target\":{\"@type\":\"EntryPoint\",\"urlTemplate\":\"https:\\\/\\\/www.mlc-munich.de\\\/web\\\/?s={search_term_string}\"},\"query-input\":{\"@type\":\"PropertyValueSpecification\",\"valueRequired\":true,\"valueName\":\"search_term_string\"}}],\"inLanguage\":\"de\"},{\"@type\":\"Organization\",\"@id\":\"https:\\\/\\\/www.mlc-munich.de\\\/web\\\/#organization\",\"name\":\"MLC M\u00fcnchner L\u00f6wen Club e.V.\",\"url\":\"https:\\\/\\\/www.mlc-munich.de\\\/web\\\/\",\"logo\":{\"@type\":\"ImageObject\",\"inLanguage\":\"de\",\"@id\":\"https:\\\/\\\/www.mlc-munich.de\\\/web\\\/#\\\/schema\\\/logo\\\/image\\\/\",\"url\":\"https:\\\/\\\/www.mlc-munich.de\\\/web\\\/wp-content\\\/uploads\\\/2018\\\/05\\\/logo_250x95px-Kopie.png\",\"contentUrl\":\"https:\\\/\\\/www.mlc-munich.de\\\/web\\\/wp-content\\\/uploads\\\/2018\\\/05\\\/logo_250x95px-Kopie.png\",\"width\":250,\"height\":95,\"caption\":\"MLC M\u00fcnchner L\u00f6wen Club e.V.\"},\"image\":{\"@id\":\"https:\\\/\\\/www.mlc-munich.de\\\/web\\\/#\\\/schema\\\/logo\\\/image\\\/\"}}]}<\/script>\n<!-- \/ Yoast SEO plugin. -->","yoast_head_json":{"title":"Blog-News - MLC M\u00fcnchner L\u00f6wen Club e.V.","robots":{"index":"index","follow":"follow","max-snippet":"max-snippet:-1","max-image-preview":"max-image-preview:large","max-video-preview":"max-video-preview:-1"},"canonical":"https:\/\/www.mlc-munich.de\/web\/blog-news\/","og_locale":"de_DE","og_type":"article","og_title":"Blog-News - MLC M\u00fcnchner L\u00f6wen Club e.V.","og_url":"https:\/\/www.mlc-munich.de\/web\/blog-news\/","og_site_name":"MLC M\u00fcnchner L\u00f6wen Club e.V.","article_modified_time":"2022-10-05T12:44:27+00:00","og_image":[{"width":512,"height":512,"url":"https:\/\/www.mlc-munich.de\/web\/wp-content\/uploads\/2019\/03\/cropped-logo_mlc_munich.jpg","type":"image\/jpeg"}],"twitter_card":"summary_large_image","twitter_misc":{"Gesch\u00e4tzte Lesezeit":"1\u00a0Minute"},"schema":{"@context":"https:\/\/schema.org","@graph":[{"@type":"WebPage","@id":"https:\/\/www.mlc-munich.de\/web\/blog-news\/","url":"https:\/\/www.mlc-munich.de\/web\/blog-news\/","name":"Blog-News - MLC M\u00fcnchner L\u00f6wen Club e.V.","isPartOf":{"@id":"https:\/\/www.mlc-munich.de\/web\/#website"},"datePublished":"2021-09-17T12:52:28+00:00","dateModified":"2022-10-05T12:44:27+00:00","breadcrumb":{"@id":"https:\/\/www.mlc-munich.de\/web\/blog-news\/#breadcrumb"},"inLanguage":"de","potentialAction":[{"@type":"ReadAction","target":["https:\/\/www.mlc-munich.de\/web\/blog-news\/"]}]},{"@type":"BreadcrumbList","@id":"https:\/\/www.mlc-munich.de\/web\/blog-news\/#breadcrumb","itemListElement":[{"@type":"ListItem","position":1,"name":"Startseite","item":"https:\/\/www.mlc-munich.de\/web\/"},{"@type":"ListItem","position":2,"name":"Blog-News"}]},{"@type":"WebSite","@id":"https:\/\/www.mlc-munich.de\/web\/#website","url":"https:\/\/www.mlc-munich.de\/web\/","name":"MLC M\u00fcnchner L\u00f6wen Club e.V.","description":"MLC M\u00fcnchner L\u00f6wen Club e.V.","publisher":{"@id":"https:\/\/www.mlc-munich.de\/web\/#organization"},"potentialAction":[{"@type":"SearchAction","target":{"@type":"EntryPoint","urlTemplate":"https:\/\/www.mlc-munich.de\/web\/?s={search_term_string}"},"query-input":{"@type":"PropertyValueSpecification","valueRequired":true,"valueName":"search_term_string"}}],"inLanguage":"de"},{"@type":"Organization","@id":"https:\/\/www.mlc-munich.de\/web\/#organization","name":"MLC M\u00fcnchner L\u00f6wen Club e.V.","url":"https:\/\/www.mlc-munich.de\/web\/","logo":{"@type":"ImageObject","inLanguage":"de","@id":"https:\/\/www.mlc-munich.de\/web\/#\/schema\/logo\/image\/","url":"https:\/\/www.mlc-munich.de\/web\/wp-content\/uploads\/2018\/05\/logo_250x95px-Kopie.png","contentUrl":"https:\/\/www.mlc-munich.de\/web\/wp-content\/uploads\/2018\/05\/logo_250x95px-Kopie.png","width":250,"height":95,"caption":"MLC M\u00fcnchner L\u00f6wen Club e.V."},"image":{"@id":"https:\/\/www.mlc-munich.de\/web\/#\/schema\/logo\/image\/"}}]}},"_links":{"self":[{"href":"https:\/\/www.mlc-munich.de\/web\/wp-json\/wp\/v2\/pages\/3253","targetHints":{"allow":["GET"]}}],"collection":[{"href":"https:\/\/www.mlc-munich.de\/web\/wp-json\/wp\/v2\/pages"}],"about":[{"href":"https:\/\/www.mlc-munich.de\/web\/wp-json\/wp\/v2\/types\/page"}],"author":[{"embeddable":true,"href":"https:\/\/www.mlc-munich.de\/web\/wp-json\/wp\/v2\/users\/2"}],"replies":[{"embeddable":true,"href":"https:\/\/www.mlc-munich.de\/web\/wp-json\/wp\/v2\/comments?post=3253"}],"version-history":[{"count":26,"href":"https:\/\/www.mlc-munich.de\/web\/wp-json\/wp\/v2\/pages\/3253\/revisions"}],"predecessor-version":[{"id":5694,"href":"https:\/\/www.mlc-munich.de\/web\/wp-json\/wp\/v2\/pages\/3253\/revisions\/5694"}],"wp:attachment":[{"href":"https:\/\/www.mlc-munich.de\/web\/wp-json\/wp\/v2\/media?parent=3253"}],"curies":[{"name":"wp","href":"https:\/\/api.w.org\/{rel}","templated":true}]}}